{"id":37615,"date":"2018-04-29T10:44:49","date_gmt":"2018-04-29T08:44:49","guid":{"rendered":"https:\/\/www.acampa.eu\/events\/fernanda-tabares-diputados\/"},"modified":"2018-06-14T07:27:08","modified_gmt":"2018-06-14T05:27:08","slug":"encontro-debate","status":"publish","type":"ajde_events","link":"https:\/\/coruna2018.redeacampa.org\/gl\/events\/encontro-debate\/","title":{"rendered":"Encontro debate"},"content":{"rendered":"<p>Dereito ao refuxio por cambio clim\u00e1tico \u00f3nde est\u00e1 a pol\u00edtica? Son posibles as respostas globais?<\/p>\n<blockquote><p>Montse Prado (Diputada do BNG no Palamento Galego)<\/p><\/blockquote>\n<p><img loading=\"lazy\" decoding=\"async\" class=\"size-full wp-image-37873\" src=\"\/wp-content\/uploads\/MontsePrado-1.jpg\" alt=\"Montse Prado\" width=\"600\" height=\"438\" srcset=\"https:\/\/coruna2018.redeacampa.org\/wp-content\/uploads\/MontsePrado-1.jpg 600w, https:\/\/coruna2018.redeacampa.org\/wp-content\/uploads\/MontsePrado-1-300x219.jpg 300w\" sizes=\"(max-width: 600px) 100vw, 600px\" \/><\/p>\n<p>Montse Prado \u00e9 diplomada en EXB e licenciada en Xeograf\u00eda e Historia pola Universidade de Santiago de Compostela e traballadora do Servizo Galego de Sa\u00fade. Ten vinculaci\u00f3n co movemento asociativo, participando na fundaci\u00f3n e xuntas directivas de diversas asociaci\u00f3ns culturais e veci\u00f1ais.<\/p>\n<p>Concelleira en Cambados de 1991 a 2005. Delegada na provincia de Pontevedra da Consellar\u00eda de Innovaci\u00f3n e Industria de 2005 a 2009. Membro do Consello de Administraci\u00f3n da CRTVG (Compa\u00f1\u00eda de Radio-Televisi\u00f3n de Galicia) desde 2009 a 2012. Deputada na IX Lexislatura, 2012-2016, portavoz de Sanidade, Emprego e Xuventude. Deputada na actual lexislatura, portavoz de Sanidade, Emprego, Pol\u00edticas Sociais e Pesca. Membro do Intergrupo Paz e Solidariedade co Pobo Saharau\u00ed na IX e X Lexislaturas. Membro da Executiva Nacional do BNG.<\/p>\n<blockquote><p>Ricardo Garc\u00eda Mira (Diputado do PSOE no Congreso)<\/p><\/blockquote>\n<p><img loading=\"lazy\" decoding=\"async\" class=\"size-full wp-image-37861\" src=\"\/wp-content\/uploads\/RicardoGarciaMira.jpg\" alt=\"Ricardo Garcia Mira\" width=\"600\" height=\"376\" srcset=\"https:\/\/coruna2018.redeacampa.org\/wp-content\/uploads\/RicardoGarciaMira.jpg 600w, https:\/\/coruna2018.redeacampa.org\/wp-content\/uploads\/RicardoGarciaMira-300x188.jpg 300w, https:\/\/coruna2018.redeacampa.org\/wp-content\/uploads\/RicardoGarciaMira-400x250.jpg 400w\" sizes=\"(max-width: 600px) 100vw, 600px\" \/><\/p>\n<p>Ricardo Garc\u00eda Mira \u00e9 profesor titular de Psicolox\u00eda Social e Ambiental na Universidade da Coru\u00f1a (UDC), acreditado no \u00e1mbito nacional como catedr\u00e1tico de universidade. Dirixiu o Grupo de Investigaci\u00f3n Persoa-Ambiente da UDC no per\u00edodo 1995-2016. No 2016 foi nomeado catedr\u00e1tico visitante do Instituto de Investigaci\u00f3ns Pol\u00edticas (Institute for Policy Research) da Universidade de Bath, no Reino Unido, para o per\u00edodo 2016-2018. \u00c9 tam\u00e9n presidente da sociedade cient\u00edfica International Association for People-Environment Studies (2014-2018).<\/p>\n<p>Actualmente, \u00e9 deputado no Congreso pola provincia da Coru\u00f1a (Lexislaturas XI e XII), onde desempe\u00f1a o cargo de portavoz do Grupo Parlamentario Socialista na Comisi\u00f3n para o estudo do cambio clim\u00e1tico.<\/p>\n<blockquote><p>Ant\u00f3n G\u00f3mez Reino (En Marea, Diputado de Unidos Podemos no Congreso)<\/p><\/blockquote>\n<p><img loading=\"lazy\" decoding=\"async\" class=\"size-medium wp-image-38794\" src=\"\/wp-content\/uploads\/Anton-Gomez-Reino-2-300x300.jpg\" alt=\"Ant\u00f3n G\u00f3mez Reino\" width=\"300\" height=\"300\" srcset=\"https:\/\/coruna2018.redeacampa.org\/wp-content\/uploads\/Anton-Gomez-Reino-2-300x300.jpg 300w, https:\/\/coruna2018.redeacampa.org\/wp-content\/uploads\/Anton-Gomez-Reino-2-150x150.jpg 150w, https:\/\/coruna2018.redeacampa.org\/wp-content\/uploads\/Anton-Gomez-Reino-2-768x768.jpg 768w, https:\/\/coruna2018.redeacampa.org\/wp-content\/uploads\/Anton-Gomez-Reino-2-1024x1024.jpg 1024w, https:\/\/coruna2018.redeacampa.org\/wp-content\/uploads\/Anton-Gomez-Reino-2-1080x1080.jpg 1080w, https:\/\/coruna2018.redeacampa.org\/wp-content\/uploads\/Anton-Gomez-Reino-2.jpg 1200w\" sizes=\"(max-width: 300px) 100vw, 300px\" \/><\/p>\n<p>Nacido o 7 de marzo de 1980. Deputado das lexislaturas XI e XII.<br \/>\nT\u00e9cnico de laboratorio en bacteriolox\u00eda. Traballador e activista en econom\u00eda social e en cooperaci\u00f3n internacional. T\u00e9cnico superior<br \/>\nen Sa\u00fade Ambiental. Inspector LIGAL (Laboratorio Interprofesional Galego An\u00e1lise do Leite).<\/p>\n<blockquote><p>Ciudadanos y PP non respostaron<\/p><\/blockquote>\n<blockquote><p>Presenta: Mabel P\u00e9rez Simal (Sindicalista, experta en igualdad)<\/p><\/blockquote>\n<p><img decoding=\"async\" class=\"size-medium wp-image-34098\" src=\"\/wp-content\/uploads\/MabelPerz-200x300.jpg\" alt=\"Mabel P\u00e9rez Simal\" width=\"200\" srcset=\"https:\/\/coruna2018.redeacampa.org\/wp-content\/uploads\/MabelPerz-200x300.jpg 200w, https:\/\/coruna2018.redeacampa.org\/wp-content\/uploads\/MabelPerz.jpg 534w\" sizes=\"(max-width: 200px) 100vw, 200px\" \/><\/p>\n<p>Estudou filosof\u00eda. Feminista e experta en igualdade e relaci\u00f3ns laborais a trav\u00e9s dunha intensa formaci\u00f3n: Curso Superior de Relaci\u00f3ns Laborais na USC; Master de X\u00e9nero e Pol\u00edticas de Igualdade entre Mulleres e Homes, da Universidade Rey Juan Carlos, de Madrid; Cursos de X\u00e9nero, Cidadan\u00eda e Traballo; Formadora de formadoras en materia de Igualdade de X\u00e9nero e unha longa lista de cursos impartidos, de titor\u00edas, e de participaci\u00f3n en xornadas e seminarios, completan o seu curr\u00edculo formativo e educativo.<\/p>\n<p>Viaxou aos campos de persoas refuxiadas en Grecia, traballando como voluntaria e coa mirada posta nas mulleres e o seu dobre ou tripla discriminaci\u00f3n.<\/p>\n","protected":false},"author":2,"featured_media":0,"menu_order":9,"comment_status":"open","ping_status":"closed","template":"","meta":{"_et_pb_use_builder":"","_et_pb_old_content":"","_et_gb_content_width":"","inline_featured_image":false},"tags":[],"event_type":[178,167,109],"event_type_2":[],"class_list":["post-37615","ajde_events","type-ajde_events","status-publish","hentry","event_location-carpa-central-gl","event_type-14-06-18-gl","event_type-2018-debates-e-charlas-gl","event_type-2018-programa-gl"],"yoast_head":"<!-- This site is optimized with the Yoast SEO plugin v27.4 - https:\/\/yoast.com\/product\/yoast-seo-wordpress\/ -->\n<title>Encontro debate | Acampa 2018 - Pola paz e o dereito a refuxio<\/title>\n<meta name=\"robots\" content=\"index, follow, max-snippet:-1, max-image-preview:large, max-video-preview:-1\" \/>\n<link rel=\"canonical\" href=\"https:\/\/coruna2018.redeacampa.org\/gl\/events\/encontro-debate\/\" \/>\n<meta property=\"og:locale\" content=\"gl_ES\" \/>\n<meta property=\"og:type\" content=\"article\" \/>\n<meta property=\"og:title\" content=\"Encontro debate | Acampa 2018 - Pola paz e o dereito a refuxio\" \/>\n<meta property=\"og:description\" content=\"Dereito ao refuxio por cambio clim\u00e1tico \u00f3nde est\u00e1 a pol\u00edtica? Son posibles as respostas globais? Montse Prado (Diputada do BNG no Palamento Galego) Montse Prado \u00e9 diplomada en EXB e licenciada en Xeograf\u00eda e Historia pola Universidade de Santiago de Compostela e traballadora do Servizo Galego de Sa\u00fade. Ten vinculaci\u00f3n co movemento asociativo, participando na [&hellip;]\" \/>\n<meta property=\"og:url\" content=\"https:\/\/coruna2018.redeacampa.org\/gl\/events\/encontro-debate\/\" \/>\n<meta property=\"og:site_name\" content=\"Acampa 2018 - Pola paz e o dereito a refuxio\" \/>\n<meta property=\"article:modified_time\" content=\"2018-06-14T05:27:08+00:00\" \/>\n<meta property=\"og:image\" content=\"https:\/\/coruna2018.redeacampa.org\/wp-content\/uploads\/MontsePrado-1.jpg\" \/>\n<meta name=\"twitter:card\" content=\"summary_large_image\" \/>\n<meta name=\"twitter:label1\" content=\"Tempo de lectura\" \/>\n\t<meta name=\"twitter:data1\" content=\"2 minutos\" \/>\n<script type=\"application\/ld+json\" class=\"yoast-schema-graph\">{\"@context\":\"https:\\\/\\\/schema.org\",\"@graph\":[{\"@type\":\"WebPage\",\"@id\":\"https:\\\/\\\/coruna2018.redeacampa.org\\\/gl\\\/events\\\/encontro-debate\\\/\",\"url\":\"https:\\\/\\\/coruna2018.redeacampa.org\\\/gl\\\/events\\\/encontro-debate\\\/\",\"name\":\"Encontro debate | Acampa 2018 - Pola paz e o dereito a refuxio\",\"isPartOf\":{\"@id\":\"https:\\\/\\\/coruna2018.redeacampa.org\\\/gl\\\/#website\"},\"datePublished\":\"2018-04-29T08:44:49+00:00\",\"dateModified\":\"2018-06-14T05:27:08+00:00\",\"breadcrumb\":{\"@id\":\"https:\\\/\\\/coruna2018.redeacampa.org\\\/gl\\\/events\\\/encontro-debate\\\/#breadcrumb\"},\"inLanguage\":\"gl-ES\",\"potentialAction\":[{\"@type\":\"ReadAction\",\"target\":[\"https:\\\/\\\/coruna2018.redeacampa.org\\\/gl\\\/events\\\/encontro-debate\\\/\"]}]},{\"@type\":\"BreadcrumbList\",\"@id\":\"https:\\\/\\\/coruna2018.redeacampa.org\\\/gl\\\/events\\\/encontro-debate\\\/#breadcrumb\",\"itemListElement\":[{\"@type\":\"ListItem\",\"position\":1,\"name\":\"Portada\",\"item\":\"https:\\\/\\\/coruna2018.redeacampa.org\\\/gl\\\/\"},{\"@type\":\"ListItem\",\"position\":2,\"name\":\"Events\",\"item\":\"https:\\\/\\\/coruna2018.redeacampa.org\\\/gl\\\/events\\\/\"},{\"@type\":\"ListItem\",\"position\":3,\"name\":\"Encontro debate\"}]},{\"@type\":\"WebSite\",\"@id\":\"https:\\\/\\\/coruna2018.redeacampa.org\\\/gl\\\/#website\",\"url\":\"https:\\\/\\\/coruna2018.redeacampa.org\\\/gl\\\/\",\"name\":\"Acampa 2018 - Pola paz e o dereito a refuxio\",\"description\":\"Unha iniciativa cidad\u00e1 sen fins de lucro integrada por colectivos sociais, culturais, educativos, veci\u00f1ais, pol\u00edticos, sindicais, art\u00edsticos, de persoas solidarias, de instituci\u00f3ns e empresas con responsabilidade social que te\u00f1en como obxectivo a defensa dos dereitos humanos, o Dereito Internacional Humanitario e o Dereito a Refuxio.\",\"potentialAction\":[{\"@type\":\"SearchAction\",\"target\":{\"@type\":\"EntryPoint\",\"urlTemplate\":\"https:\\\/\\\/coruna2018.redeacampa.org\\\/gl\\\/?s={search_term_string}\"},\"query-input\":{\"@type\":\"PropertyValueSpecification\",\"valueRequired\":true,\"valueName\":\"search_term_string\"}}],\"inLanguage\":\"gl-ES\"}]}<\/script>\n<!-- \/ Yoast SEO plugin. -->","yoast_head_json":{"title":"Encontro debate | Acampa 2018 - Pola paz e o dereito a refuxio","robots":{"index":"index","follow":"follow","max-snippet":"max-snippet:-1","max-image-preview":"max-image-preview:large","max-video-preview":"max-video-preview:-1"},"canonical":"https:\/\/coruna2018.redeacampa.org\/gl\/events\/encontro-debate\/","og_locale":"gl_ES","og_type":"article","og_title":"Encontro debate | Acampa 2018 - Pola paz e o dereito a refuxio","og_description":"Dereito ao refuxio por cambio clim\u00e1tico \u00f3nde est\u00e1 a pol\u00edtica? Son posibles as respostas globais? Montse Prado (Diputada do BNG no Palamento Galego) Montse Prado \u00e9 diplomada en EXB e licenciada en Xeograf\u00eda e Historia pola Universidade de Santiago de Compostela e traballadora do Servizo Galego de Sa\u00fade. Ten vinculaci\u00f3n co movemento asociativo, participando na [&hellip;]","og_url":"https:\/\/coruna2018.redeacampa.org\/gl\/events\/encontro-debate\/","og_site_name":"Acampa 2018 - Pola paz e o dereito a refuxio","article_modified_time":"2018-06-14T05:27:08+00:00","og_image":[{"url":"https:\/\/coruna2018.redeacampa.org\/wp-content\/uploads\/MontsePrado-1.jpg","type":"","width":"","height":""}],"twitter_card":"summary_large_image","twitter_misc":{"Tempo de lectura":"2 minutos"},"schema":{"@context":"https:\/\/schema.org","@graph":[{"@type":"WebPage","@id":"https:\/\/coruna2018.redeacampa.org\/gl\/events\/encontro-debate\/","url":"https:\/\/coruna2018.redeacampa.org\/gl\/events\/encontro-debate\/","name":"Encontro debate | Acampa 2018 - Pola paz e o dereito a refuxio","isPartOf":{"@id":"https:\/\/coruna2018.redeacampa.org\/gl\/#website"},"datePublished":"2018-04-29T08:44:49+00:00","dateModified":"2018-06-14T05:27:08+00:00","breadcrumb":{"@id":"https:\/\/coruna2018.redeacampa.org\/gl\/events\/encontro-debate\/#breadcrumb"},"inLanguage":"gl-ES","potentialAction":[{"@type":"ReadAction","target":["https:\/\/coruna2018.redeacampa.org\/gl\/events\/encontro-debate\/"]}]},{"@type":"BreadcrumbList","@id":"https:\/\/coruna2018.redeacampa.org\/gl\/events\/encontro-debate\/#breadcrumb","itemListElement":[{"@type":"ListItem","position":1,"name":"Portada","item":"https:\/\/coruna2018.redeacampa.org\/gl\/"},{"@type":"ListItem","position":2,"name":"Events","item":"https:\/\/coruna2018.redeacampa.org\/gl\/events\/"},{"@type":"ListItem","position":3,"name":"Encontro debate"}]},{"@type":"WebSite","@id":"https:\/\/coruna2018.redeacampa.org\/gl\/#website","url":"https:\/\/coruna2018.redeacampa.org\/gl\/","name":"Acampa 2018 - Pola paz e o dereito a refuxio","description":"Unha iniciativa cidad\u00e1 sen fins de lucro integrada por colectivos sociais, culturais, educativos, veci\u00f1ais, pol\u00edticos, sindicais, art\u00edsticos, de persoas solidarias, de instituci\u00f3ns e empresas con responsabilidade social que te\u00f1en como obxectivo a defensa dos dereitos humanos, o Dereito Internacional Humanitario e o Dereito a Refuxio.","potentialAction":[{"@type":"SearchAction","target":{"@type":"EntryPoint","urlTemplate":"https:\/\/coruna2018.redeacampa.org\/gl\/?s={search_term_string}"},"query-input":{"@type":"PropertyValueSpecification","valueRequired":true,"valueName":"search_term_string"}}],"inLanguage":"gl-ES"}]}},"_links":{"self":[{"href":"https:\/\/coruna2018.redeacampa.org\/gl\/wp-json\/wp\/v2\/ajde_events\/37615","targetHints":{"allow":["GET"]}}],"collection":[{"href":"https:\/\/coruna2018.redeacampa.org\/gl\/wp-json\/wp\/v2\/ajde_events"}],"about":[{"href":"https:\/\/coruna2018.redeacampa.org\/gl\/wp-json\/wp\/v2\/types\/ajde_events"}],"author":[{"embeddable":true,"href":"https:\/\/coruna2018.redeacampa.org\/gl\/wp-json\/wp\/v2\/users\/2"}],"replies":[{"embeddable":true,"href":"https:\/\/coruna2018.redeacampa.org\/gl\/wp-json\/wp\/v2\/comments?post=37615"}],"wp:attachment":[{"href":"https:\/\/coruna2018.redeacampa.org\/gl\/wp-json\/wp\/v2\/media?parent=37615"}],"wp:term":[{"taxonomy":"post_tag","embeddable":true,"href":"https:\/\/coruna2018.redeacampa.org\/gl\/wp-json\/wp\/v2\/tags?post=37615"},{"taxonomy":"event_type","embeddable":true,"href":"https:\/\/coruna2018.redeacampa.org\/gl\/wp-json\/wp\/v2\/event_type?post=37615"},{"taxonomy":"event_type_2","embeddable":true,"href":"https:\/\/coruna2018.redeacampa.org\/gl\/wp-json\/wp\/v2\/event_type_2?post=37615"}],"curies":[{"name":"wp","href":"https:\/\/api.w.org\/{rel}","templated":true}]}}