{"id":37571,"date":"2018-04-29T12:11:20","date_gmt":"2018-04-29T10:11:20","guid":{"rendered":"https:\/\/www.acampa.eu\/events\/oscar-camps\/"},"modified":"2018-06-16T10:20:14","modified_gmt":"2018-06-16T08:20:14","slug":"oscar-camps","status":"publish","type":"ajde_events","link":"https:\/\/coruna2018.redeacampa.org\/gl\/events\/oscar-camps\/","title":{"rendered":"Salvar vidas, obriga ou delito?"},"content":{"rendered":"<blockquote><p>Anabel Montes Mir (POA)<\/p><\/blockquote>\n<div id=\"attachment_39062\" style=\"width: 410px\" class=\"wp-caption alignnone\"><img loading=\"lazy\" decoding=\"async\" aria-describedby=\"caption-attachment-39062\" class=\"wp-image-39062\" src=\"\/wp-content\/uploads\/Anabel-Montero-300x200.jpg\" alt=\"Anabel Montero\" width=\"400\" height=\"267\" srcset=\"https:\/\/coruna2018.redeacampa.org\/wp-content\/uploads\/Anabel-Montero-300x200.jpg 300w, https:\/\/coruna2018.redeacampa.org\/wp-content\/uploads\/Anabel-Montero-768x512.jpg 768w, https:\/\/coruna2018.redeacampa.org\/wp-content\/uploads\/Anabel-Montero-1024x682.jpg 1024w, https:\/\/coruna2018.redeacampa.org\/wp-content\/uploads\/Anabel-Montero-1080x720.jpg 1080w, https:\/\/coruna2018.redeacampa.org\/wp-content\/uploads\/Anabel-Montero.jpg 1277w\" sizes=\"(max-width: 400px) 100vw, 400px\" \/><p id=\"caption-attachment-39062\" class=\"wp-caption-text\">Anabel Montes<\/p><\/div>\n<p>Son de Asturias, te\u00f1o 31 anos. Traballei de socorrista durante 12 anos abrigo en Asturias e os \u00faltimos 4 en Barcelona. Te\u00f1o formaci\u00f3n en diversos cursos de rescate (r\u00edos, lagos, subacu\u00e1tico, mar\u00edtimo&#8230;).<\/p>\n<p>Cheguei a Lesbos en decembro do 2015 como voluntaria para 15 d\u00edas con Open Arms e iso converteuse nos dous \u00faltimos anos da mi\u00f1a vida. En Lesbos estiven 9 meses abrigo de patroa de embarcaci\u00f3ns r\u00e1pidas e tam\u00e9n de coordinadora da operaci\u00f3n na illa.<\/p>\n<p>No mediterr\u00e1neo estiven en 15 misi\u00f3ns en Astral, Golfo Azzurro e Open Arms, tam\u00e9n a maior\u00eda como patroa e o \u00faltimas catro como xefa de misi\u00f3n a bordo do Open Arms.<\/p>\n<blockquote><p>Ernesto G. Maleno\u00a0(Caminado Fronteras)<\/p><\/blockquote>\n<div id=\"attachment_38092\" style=\"width: 410px\" class=\"wp-caption alignnone\"><img loading=\"lazy\" decoding=\"async\" aria-describedby=\"caption-attachment-38092\" class=\"wp-image-38092\" src=\"\/wp-content\/uploads\/Ernesto-G.-Maleno-300x212.jpeg\" alt=\"Ernesto G. Maleno\" width=\"400\" height=\"283\" srcset=\"https:\/\/coruna2018.redeacampa.org\/wp-content\/uploads\/Ernesto-G.-Maleno-300x212.jpeg 300w, https:\/\/coruna2018.redeacampa.org\/wp-content\/uploads\/Ernesto-G.-Maleno-768x543.jpeg 768w, https:\/\/coruna2018.redeacampa.org\/wp-content\/uploads\/Ernesto-G.-Maleno-1024x724.jpeg 1024w, https:\/\/coruna2018.redeacampa.org\/wp-content\/uploads\/Ernesto-G.-Maleno-400x284.jpeg 400w, https:\/\/coruna2018.redeacampa.org\/wp-content\/uploads\/Ernesto-G.-Maleno-1080x764.jpeg 1080w, https:\/\/coruna2018.redeacampa.org\/wp-content\/uploads\/Ernesto-G.-Maleno.jpeg 1600w\" sizes=\"(max-width: 400px) 100vw, 400px\" \/><p id=\"caption-attachment-38092\" class=\"wp-caption-text\">Ernesto G. Maleno<\/p><\/div>\n<p>Son tangerino, polit\u00f3logo e realizador audiovisual. Responsable de comunicaci\u00f3n de Cami\u00f1ando Fronteiras. Autor do documental &#8221; Tarajal: transformar a dor en xustiza&#8221;. Membro de Mocidade Moura e do movemento estudantil marroqu\u00ed.<\/p>\n<blockquote><p>Ramiro G. De Dios (Xuiz CIE Aluche)<\/p><\/blockquote>\n<div id=\"attachment_38380\" style=\"width: 410px\" class=\"wp-caption alignnone\"><img loading=\"lazy\" decoding=\"async\" aria-describedby=\"caption-attachment-38380\" class=\"wp-image-38380\" src=\"\/wp-content\/uploads\/RamiroGdeDios.jpg\" alt=\"Ramiro G. de Dios\" width=\"400\" height=\"206\" srcset=\"https:\/\/coruna2018.redeacampa.org\/wp-content\/uploads\/RamiroGdeDios.jpg 600w, https:\/\/coruna2018.redeacampa.org\/wp-content\/uploads\/RamiroGdeDios-300x155.jpg 300w\" sizes=\"(max-width: 400px) 100vw, 400px\" \/><p id=\"caption-attachment-38380\" class=\"wp-caption-text\">Ramiro G. de Dios<\/p><\/div>\n<p>Ramiro Garc\u00eda de Dios foi durante 30 a\u00f1os titular do Xulgado de Instrucci\u00f3n n\u00famero 6 de Madrid e un dos primeiros xuices de control do Centro de Internamento de Extranxeiros de Aluche, no que exerceu oito anos.<\/p>\n<blockquote><p>Federico Pichel (ONG AIRE)<\/p><\/blockquote>\n<div id=\"attachment_38348\" style=\"width: 410px\" class=\"wp-caption alignnone\"><img loading=\"lazy\" decoding=\"async\" aria-describedby=\"caption-attachment-38348\" class=\"wp-image-38348\" src=\"\/wp-content\/uploads\/FedericoPichel.jpg\" alt=\"Federico Pichel\" width=\"400\" height=\"445\" srcset=\"https:\/\/coruna2018.redeacampa.org\/wp-content\/uploads\/FedericoPichel.jpg 404w, https:\/\/coruna2018.redeacampa.org\/wp-content\/uploads\/FedericoPichel-270x300.jpg 270w\" sizes=\"(max-width: 400px) 100vw, 400px\" \/><p id=\"caption-attachment-38348\" class=\"wp-caption-text\">Federico Pichel<\/p><\/div>\n<p>Federico Pichel Ferreiro estudou Ciencias Econ\u00f3micas e Empresariais na Universidade da Coru\u00f1a, pero exerce como bombeiro desde hai m\u00e1is de catorce anos, traballo que compaxina co seu voluntariado na oenegu\u00e9 A.I.R.E., da que \u00e9 o actual presidente.<\/p>\n<p>Formouse especialmente no mundo das emerxencias no medio acu\u00e1tico e sanitario, polo que \u00e9 mergullador profesional na especialidade de rescate, especialista en salvamento e socorrismo acu\u00e1tico, patr\u00f3n de embarcaci\u00f3n e t\u00e9cnico en emerxencias sanitarias, con ampla formaci\u00f3n<br \/>\nsanitaria no mar e en actividades subacu\u00e1ticas.<\/p>\n<p>A\u00ednda que sempre estivo comprometido cos valores de solidariedade e ten colaborado con numerosas organizaci\u00f3ns, \u00e9 a partir da foto do pequeno Aylan cando decide implicarse de xeito directo no drama das persoas refuxiadas.<\/p>\n<blockquote><p><strong>Conduce<\/strong>: Fernanda Tabar\u00e9s<\/p><\/blockquote>\n<div id=\"attachment_37533\" style=\"width: 410px\" class=\"wp-caption alignnone\"><img loading=\"lazy\" decoding=\"async\" aria-describedby=\"caption-attachment-37533\" class=\"wp-image-37533\" src=\"\/wp-content\/uploads\/FernandaTabares.jpg\" alt=\"Fernanda Tabar\u00e9s\" width=\"400\" height=\"200\" srcset=\"https:\/\/coruna2018.redeacampa.org\/wp-content\/uploads\/FernandaTabares.jpg 500w, https:\/\/coruna2018.redeacampa.org\/wp-content\/uploads\/FernandaTabares-300x150.jpg 300w\" sizes=\"(max-width: 400px) 100vw, 400px\" \/><p id=\"caption-attachment-37533\" class=\"wp-caption-text\">Fernanda Tabar\u00e9s<\/p><\/div>\n<p><b>Fernanda Tabar\u00e9s<\/b> (1968) \u00e9 periodista case desde que naceu. Con 18 anos, mentres estudaba Ciencias da Informaci\u00f3n na Universidade Complutense de Madrid, xa empezou a traballar en pr\u00e1cticas no xornal <i>La Regi\u00f3n. <\/i>Con 22 anos comezou a traballar no grupo de la Voz de Galicia, e a\u00ed segue vinte e oito anos m\u00e1is tarde.<\/p>\n<p>Conta cunha longu\u00edsima e variada carreira profesional que a levou a ser xefa de delegaci\u00f3n, xefa de cultura, redactora xefa<br \/>\ne columnista de <i>Diario 16,<\/i> directora de V Televisi\u00f3n, directora do programa de actualidade e an\u00e1lise <i>V\u00eda V<\/i>, profesora de comunicaci\u00f3n<br \/>\nempresarial na Erlac&#8230; e desde o ano pasado \u00e9 directora de Voz Audiovisual.<\/p>\n<blockquote><p><strong>Presenta<\/strong>: Isabel Rey (Rede galega en apoio \u00e1s persoas refuxiadas)<\/p><\/blockquote>\n<div id=\"attachment_38797\" style=\"width: 410px\" class=\"wp-caption alignnone\"><img loading=\"lazy\" decoding=\"async\" aria-describedby=\"caption-attachment-38797\" class=\"wp-image-38797\" src=\"\/wp-content\/uploads\/Isabel-Rey-281x300.jpg\" alt=\"Isabel Rey\" width=\"400\" height=\"427\" srcset=\"https:\/\/coruna2018.redeacampa.org\/wp-content\/uploads\/Isabel-Rey-281x300.jpg 281w, https:\/\/coruna2018.redeacampa.org\/wp-content\/uploads\/Isabel-Rey-768x820.jpg 768w, https:\/\/coruna2018.redeacampa.org\/wp-content\/uploads\/Isabel-Rey-959x1024.jpg 959w, https:\/\/coruna2018.redeacampa.org\/wp-content\/uploads\/Isabel-Rey-1080x1153.jpg 1080w, https:\/\/coruna2018.redeacampa.org\/wp-content\/uploads\/Isabel-Rey.jpg 1180w\" sizes=\"(max-width: 400px) 100vw, 400px\" \/><p id=\"caption-attachment-38797\" class=\"wp-caption-text\">Isabel Rey<\/p><\/div>\n<p>Isaber Rey colabora coa Rede Galega en Apoio \u00e1s persoas refuxiadas. \u00c9 pintora e tam\u00e9n se dedica ao audiovisual. A Rede Refuxiadas aglutina m\u00e1is de setenta oenegu\u00e9s e colectivos de todo tipo, co \u00fanico punto en com\u00fan de loitaren polos dereitos das persoas refuxiadas, esixindo que os nosos Gobernos deixen de violar os dereitos humanos e a lexislaci\u00f3n internacional.<\/p>\n","protected":false},"author":2,"featured_media":37545,"menu_order":0,"comment_status":"open","ping_status":"closed","template":"","meta":{"_et_pb_use_builder":"","_et_pb_old_content":"","_et_gb_content_width":"","inline_featured_image":false},"tags":[],"event_type":[165,167,109],"event_type_2":[],"class_list":["post-37571","ajde_events","type-ajde_events","status-publish","has-post-thumbnail","hentry","event_location-carpa-central-gl","event_type-16-06-18-gl","event_type-2018-debates-e-charlas-gl","event_type-2018-programa-gl"],"yoast_head":"<!-- This site is optimized with the Yoast SEO plugin v27.4 - https:\/\/yoast.com\/product\/yoast-seo-wordpress\/ -->\n<title>Salvar vidas, obriga ou delito? | Acampa 2018 - Pola paz e o dereito a refuxio<\/title>\n<meta name=\"robots\" content=\"index, follow, max-snippet:-1, max-image-preview:large, max-video-preview:-1\" \/>\n<link rel=\"canonical\" href=\"https:\/\/coruna2018.redeacampa.org\/gl\/events\/oscar-camps\/\" \/>\n<meta property=\"og:locale\" content=\"gl_ES\" \/>\n<meta property=\"og:type\" content=\"article\" \/>\n<meta property=\"og:title\" content=\"Salvar vidas, obriga ou delito? | Acampa 2018 - Pola paz e o dereito a refuxio\" \/>\n<meta property=\"og:description\" content=\"Anabel Montes Mir (POA) Son de Asturias, te\u00f1o 31 anos. Traballei de socorrista durante 12 anos abrigo en Asturias e os \u00faltimos 4 en Barcelona. Te\u00f1o formaci\u00f3n en diversos cursos de rescate (r\u00edos, lagos, subacu\u00e1tico, mar\u00edtimo&#8230;). Cheguei a Lesbos en decembro do 2015 como voluntaria para 15 d\u00edas con Open Arms e iso converteuse nos [&hellip;]\" \/>\n<meta property=\"og:url\" content=\"https:\/\/coruna2018.redeacampa.org\/gl\/events\/oscar-camps\/\" \/>\n<meta property=\"og:site_name\" content=\"Acampa 2018 - Pola paz e o dereito a refuxio\" \/>\n<meta property=\"article:modified_time\" content=\"2018-06-16T08:20:14+00:00\" \/>\n<meta property=\"og:image\" content=\"https:\/\/coruna2018.redeacampa.org\/wp-content\/uploads\/OscarCamps.jpg\" \/>\n\t<meta property=\"og:image:width\" content=\"700\" \/>\n\t<meta property=\"og:image:height\" content=\"350\" \/>\n\t<meta property=\"og:image:type\" content=\"image\/jpeg\" \/>\n<meta name=\"twitter:card\" content=\"summary_large_image\" \/>\n<meta name=\"twitter:label1\" content=\"Tempo de lectura\" \/>\n\t<meta name=\"twitter:data1\" content=\"3 minutos\" \/>\n<script type=\"application\/ld+json\" class=\"yoast-schema-graph\">{\"@context\":\"https:\\\/\\\/schema.org\",\"@graph\":[{\"@type\":\"WebPage\",\"@id\":\"https:\\\/\\\/coruna2018.redeacampa.org\\\/gl\\\/events\\\/oscar-camps\\\/\",\"url\":\"https:\\\/\\\/coruna2018.redeacampa.org\\\/gl\\\/events\\\/oscar-camps\\\/\",\"name\":\"Salvar vidas, obriga ou delito? | Acampa 2018 - Pola paz e o dereito a refuxio\",\"isPartOf\":{\"@id\":\"https:\\\/\\\/coruna2018.redeacampa.org\\\/gl\\\/#website\"},\"primaryImageOfPage\":{\"@id\":\"https:\\\/\\\/coruna2018.redeacampa.org\\\/gl\\\/events\\\/oscar-camps\\\/#primaryimage\"},\"image\":{\"@id\":\"https:\\\/\\\/coruna2018.redeacampa.org\\\/gl\\\/events\\\/oscar-camps\\\/#primaryimage\"},\"thumbnailUrl\":\"https:\\\/\\\/coruna2018.redeacampa.org\\\/wp-content\\\/uploads\\\/OscarCamps.jpg\",\"datePublished\":\"2018-04-29T10:11:20+00:00\",\"dateModified\":\"2018-06-16T08:20:14+00:00\",\"breadcrumb\":{\"@id\":\"https:\\\/\\\/coruna2018.redeacampa.org\\\/gl\\\/events\\\/oscar-camps\\\/#breadcrumb\"},\"inLanguage\":\"gl-ES\",\"potentialAction\":[{\"@type\":\"ReadAction\",\"target\":[\"https:\\\/\\\/coruna2018.redeacampa.org\\\/gl\\\/events\\\/oscar-camps\\\/\"]}]},{\"@type\":\"ImageObject\",\"inLanguage\":\"gl-ES\",\"@id\":\"https:\\\/\\\/coruna2018.redeacampa.org\\\/gl\\\/events\\\/oscar-camps\\\/#primaryimage\",\"url\":\"https:\\\/\\\/coruna2018.redeacampa.org\\\/wp-content\\\/uploads\\\/OscarCamps.jpg\",\"contentUrl\":\"https:\\\/\\\/coruna2018.redeacampa.org\\\/wp-content\\\/uploads\\\/OscarCamps.jpg\",\"width\":700,\"height\":350,\"caption\":\"Oscar Camps\"},{\"@type\":\"BreadcrumbList\",\"@id\":\"https:\\\/\\\/coruna2018.redeacampa.org\\\/gl\\\/events\\\/oscar-camps\\\/#breadcrumb\",\"itemListElement\":[{\"@type\":\"ListItem\",\"position\":1,\"name\":\"Portada\",\"item\":\"https:\\\/\\\/coruna2018.redeacampa.org\\\/gl\\\/\"},{\"@type\":\"ListItem\",\"position\":2,\"name\":\"Events\",\"item\":\"https:\\\/\\\/coruna2018.redeacampa.org\\\/gl\\\/events\\\/\"},{\"@type\":\"ListItem\",\"position\":3,\"name\":\"Salvar vidas, obriga ou delito?\"}]},{\"@type\":\"WebSite\",\"@id\":\"https:\\\/\\\/coruna2018.redeacampa.org\\\/gl\\\/#website\",\"url\":\"https:\\\/\\\/coruna2018.redeacampa.org\\\/gl\\\/\",\"name\":\"Acampa 2018 - Pola paz e o dereito a refuxio\",\"description\":\"Unha iniciativa cidad\u00e1 sen fins de lucro integrada por colectivos sociais, culturais, educativos, veci\u00f1ais, pol\u00edticos, sindicais, art\u00edsticos, de persoas solidarias, de instituci\u00f3ns e empresas con responsabilidade social que te\u00f1en como obxectivo a defensa dos dereitos humanos, o Dereito Internacional Humanitario e o Dereito a Refuxio.\",\"potentialAction\":[{\"@type\":\"SearchAction\",\"target\":{\"@type\":\"EntryPoint\",\"urlTemplate\":\"https:\\\/\\\/coruna2018.redeacampa.org\\\/gl\\\/?s={search_term_string}\"},\"query-input\":{\"@type\":\"PropertyValueSpecification\",\"valueRequired\":true,\"valueName\":\"search_term_string\"}}],\"inLanguage\":\"gl-ES\"}]}<\/script>\n<!-- \/ Yoast SEO plugin. -->","yoast_head_json":{"title":"Salvar vidas, obriga ou delito? | Acampa 2018 - Pola paz e o dereito a refuxio","robots":{"index":"index","follow":"follow","max-snippet":"max-snippet:-1","max-image-preview":"max-image-preview:large","max-video-preview":"max-video-preview:-1"},"canonical":"https:\/\/coruna2018.redeacampa.org\/gl\/events\/oscar-camps\/","og_locale":"gl_ES","og_type":"article","og_title":"Salvar vidas, obriga ou delito? | Acampa 2018 - Pola paz e o dereito a refuxio","og_description":"Anabel Montes Mir (POA) Son de Asturias, te\u00f1o 31 anos. Traballei de socorrista durante 12 anos abrigo en Asturias e os \u00faltimos 4 en Barcelona. Te\u00f1o formaci\u00f3n en diversos cursos de rescate (r\u00edos, lagos, subacu\u00e1tico, mar\u00edtimo&#8230;). Cheguei a Lesbos en decembro do 2015 como voluntaria para 15 d\u00edas con Open Arms e iso converteuse nos [&hellip;]","og_url":"https:\/\/coruna2018.redeacampa.org\/gl\/events\/oscar-camps\/","og_site_name":"Acampa 2018 - Pola paz e o dereito a refuxio","article_modified_time":"2018-06-16T08:20:14+00:00","og_image":[{"width":700,"height":350,"url":"https:\/\/coruna2018.redeacampa.org\/wp-content\/uploads\/OscarCamps.jpg","type":"image\/jpeg"}],"twitter_card":"summary_large_image","twitter_misc":{"Tempo de lectura":"3 minutos"},"schema":{"@context":"https:\/\/schema.org","@graph":[{"@type":"WebPage","@id":"https:\/\/coruna2018.redeacampa.org\/gl\/events\/oscar-camps\/","url":"https:\/\/coruna2018.redeacampa.org\/gl\/events\/oscar-camps\/","name":"Salvar vidas, obriga ou delito? | Acampa 2018 - Pola paz e o dereito a refuxio","isPartOf":{"@id":"https:\/\/coruna2018.redeacampa.org\/gl\/#website"},"primaryImageOfPage":{"@id":"https:\/\/coruna2018.redeacampa.org\/gl\/events\/oscar-camps\/#primaryimage"},"image":{"@id":"https:\/\/coruna2018.redeacampa.org\/gl\/events\/oscar-camps\/#primaryimage"},"thumbnailUrl":"https:\/\/coruna2018.redeacampa.org\/wp-content\/uploads\/OscarCamps.jpg","datePublished":"2018-04-29T10:11:20+00:00","dateModified":"2018-06-16T08:20:14+00:00","breadcrumb":{"@id":"https:\/\/coruna2018.redeacampa.org\/gl\/events\/oscar-camps\/#breadcrumb"},"inLanguage":"gl-ES","potentialAction":[{"@type":"ReadAction","target":["https:\/\/coruna2018.redeacampa.org\/gl\/events\/oscar-camps\/"]}]},{"@type":"ImageObject","inLanguage":"gl-ES","@id":"https:\/\/coruna2018.redeacampa.org\/gl\/events\/oscar-camps\/#primaryimage","url":"https:\/\/coruna2018.redeacampa.org\/wp-content\/uploads\/OscarCamps.jpg","contentUrl":"https:\/\/coruna2018.redeacampa.org\/wp-content\/uploads\/OscarCamps.jpg","width":700,"height":350,"caption":"Oscar Camps"},{"@type":"BreadcrumbList","@id":"https:\/\/coruna2018.redeacampa.org\/gl\/events\/oscar-camps\/#breadcrumb","itemListElement":[{"@type":"ListItem","position":1,"name":"Portada","item":"https:\/\/coruna2018.redeacampa.org\/gl\/"},{"@type":"ListItem","position":2,"name":"Events","item":"https:\/\/coruna2018.redeacampa.org\/gl\/events\/"},{"@type":"ListItem","position":3,"name":"Salvar vidas, obriga ou delito?"}]},{"@type":"WebSite","@id":"https:\/\/coruna2018.redeacampa.org\/gl\/#website","url":"https:\/\/coruna2018.redeacampa.org\/gl\/","name":"Acampa 2018 - Pola paz e o dereito a refuxio","description":"Unha iniciativa cidad\u00e1 sen fins de lucro integrada por colectivos sociais, culturais, educativos, veci\u00f1ais, pol\u00edticos, sindicais, art\u00edsticos, de persoas solidarias, de instituci\u00f3ns e empresas con responsabilidade social que te\u00f1en como obxectivo a defensa dos dereitos humanos, o Dereito Internacional Humanitario e o Dereito a Refuxio.","potentialAction":[{"@type":"SearchAction","target":{"@type":"EntryPoint","urlTemplate":"https:\/\/coruna2018.redeacampa.org\/gl\/?s={search_term_string}"},"query-input":{"@type":"PropertyValueSpecification","valueRequired":true,"valueName":"search_term_string"}}],"inLanguage":"gl-ES"}]}},"_links":{"self":[{"href":"https:\/\/coruna2018.redeacampa.org\/gl\/wp-json\/wp\/v2\/ajde_events\/37571","targetHints":{"allow":["GET"]}}],"collection":[{"href":"https:\/\/coruna2018.redeacampa.org\/gl\/wp-json\/wp\/v2\/ajde_events"}],"about":[{"href":"https:\/\/coruna2018.redeacampa.org\/gl\/wp-json\/wp\/v2\/types\/ajde_events"}],"author":[{"embeddable":true,"href":"https:\/\/coruna2018.redeacampa.org\/gl\/wp-json\/wp\/v2\/users\/2"}],"replies":[{"embeddable":true,"href":"https:\/\/coruna2018.redeacampa.org\/gl\/wp-json\/wp\/v2\/comments?post=37571"}],"wp:featuredmedia":[{"embeddable":true,"href":"https:\/\/coruna2018.redeacampa.org\/gl\/wp-json\/wp\/v2\/media\/37545"}],"wp:attachment":[{"href":"https:\/\/coruna2018.redeacampa.org\/gl\/wp-json\/wp\/v2\/media?parent=37571"}],"wp:term":[{"taxonomy":"post_tag","embeddable":true,"href":"https:\/\/coruna2018.redeacampa.org\/gl\/wp-json\/wp\/v2\/tags?post=37571"},{"taxonomy":"event_type","embeddable":true,"href":"https:\/\/coruna2018.redeacampa.org\/gl\/wp-json\/wp\/v2\/event_type?post=37571"},{"taxonomy":"event_type_2","embeddable":true,"href":"https:\/\/coruna2018.redeacampa.org\/gl\/wp-json\/wp\/v2\/event_type_2?post=37571"}],"curies":[{"name":"wp","href":"https:\/\/api.w.org\/{rel}","templated":true}]}}