{"id":39019,"date":"2018-06-11T09:39:25","date_gmt":"2018-06-11T07:39:25","guid":{"rendered":"https:\/\/www.acampa.eu\/?post_type=ajde_events&#038;p=39019"},"modified":"2018-06-12T14:21:02","modified_gmt":"2018-06-12T12:21:02","slug":"evaluacion-del-evento-de-sensibilizacion-acampa-2018-pola-paz-e-o-dereito-ao-refuxio","status":"publish","type":"ajde_events","link":"https:\/\/coruna2018.redeacampa.org\/es\/events\/evaluacion-del-evento-de-sensibilizacion-acampa-2018-pola-paz-e-o-dereito-ao-refuxio\/","title":{"rendered":"Evaluaci\u00f3n del evento de sensibilizaci\u00f3n \u00abAcampa 2018 pola Paz e o Dereito ao Refuxio\u00bb"},"content":{"rendered":"<p>Evaluar es una funci\u00f3n fundamental a la hora de llevar a cabo calquer proyecto, y m\u00e1s cuando estamos hablando de un proyecto de sensibilizaci\u00f3n de esta envergadura. El obetivo principal que pretendemos conseguir es inquirir el impacto sensibilizador de las diferentes actividades que se llevan a cabo a lo largo de los tres d\u00edas que dura el evento\u00a0Acampa pola paz e o dereito ao refuxio 2018\u00a0sobre la ciudadan\u00eda que se acerque y participe en las mismas. Para conseguirlo se emplear\u00e1 una metodolog\u00eda mixta utilizando t\u00e9cnicas de recogida de datos m\u00e1s cuantitativas como es la encuesta, y t\u00e9cnicas m\u00e1s cualitativas como es la observaci\u00f3n.<\/p>\n<p>Evaluar el impacto de un evento como este no es f\u00e1cil, pues son muchas las actividades que se desenvuelven en estas jornadas y se necesitan muchas manos, por lo que el trabajo en equipo es una tarea fundamental en esta evaluaci\u00f3n.<\/p>\n<p>Lorena Boga, apoyada por la t\u00e9cnica de la OCV Lorena Rilo y la profesora de la UDC Iria V\u00e1zquez, cuenta con la colaboraci\u00f3n de un equipo de j\u00f3venes voluntarias formadas en diferentes disciplinas del \u00e1mbito social que la apoyar\u00e1n para poner en pr\u00e1ctica estas herramientas de recogida de datos. Ellas son Araceli Mac\u00edas (Educadora Social), Helena L\u00f3pez (Soci\u00f3loga), Mar\u00eda Alonso (Terapeuta Ocupacional), Paola Berm\u00fadez (Educadora Social) y Vanessa M\u00edguez (Soci\u00f3loga), un equipo multidisplinar que podr\u00e1 aportar m\u00faltiples puntos de vista a la evaluaci\u00f3n.<\/p>\n<p>Con todo esto se persigue elaborar un informe final con los datos obtenidos que nos permita dar visibilidad al gran trabajo que se realiza en Acampa, ver en que medida se est\u00e1n cumpliendo los objetivos marcados, y recoger las opiniones y sugerencias de la ciudadan\u00eda para ir mejorando a\u00f1o tras a\u00f1o.<\/p>\n","protected":false},"author":2,"featured_media":0,"menu_order":0,"comment_status":"open","ping_status":"closed","template":"","meta":{"_et_pb_use_builder":"","_et_pb_old_content":"","_et_gb_content_width":"","inline_featured_image":false},"tags":[],"event_type":[201],"event_type_2":[],"class_list":["post-39019","ajde_events","type-ajde_events","status-publish","hentry","event_type-2018-actividades-paralelas-es"],"yoast_head":"<!-- This site is optimized with the Yoast SEO plugin v27.4 - https:\/\/yoast.com\/product\/yoast-seo-wordpress\/ -->\n<title>Evaluaci\u00f3n del evento de sensibilizaci\u00f3n &quot;Acampa 2018 pola Paz e o Dereito ao Refuxio&quot; | Acampa 2018 - Pola paz e o dereito a refuxio<\/title>\n<meta name=\"robots\" content=\"index, follow, max-snippet:-1, max-image-preview:large, max-video-preview:-1\" \/>\n<link rel=\"canonical\" href=\"https:\/\/coruna2018.redeacampa.org\/es\/events\/evaluacion-del-evento-de-sensibilizacion-acampa-2018-pola-paz-e-o-dereito-ao-refuxio\/\" \/>\n<meta property=\"og:locale\" content=\"es_ES\" \/>\n<meta property=\"og:type\" content=\"article\" \/>\n<meta property=\"og:title\" content=\"Evaluaci\u00f3n del evento de sensibilizaci\u00f3n &quot;Acampa 2018 pola Paz e o Dereito ao Refuxio&quot; | Acampa 2018 - Pola paz e o dereito a refuxio\" \/>\n<meta property=\"og:description\" content=\"Evaluar es una funci\u00f3n fundamental a la hora de llevar a cabo calquer proyecto, y m\u00e1s cuando estamos hablando de un proyecto de sensibilizaci\u00f3n de esta envergadura. El obetivo principal que pretendemos conseguir es inquirir el impacto sensibilizador de las diferentes actividades que se llevan a cabo a lo largo de los tres d\u00edas que [&hellip;]\" \/>\n<meta property=\"og:url\" content=\"https:\/\/coruna2018.redeacampa.org\/es\/events\/evaluacion-del-evento-de-sensibilizacion-acampa-2018-pola-paz-e-o-dereito-ao-refuxio\/\" \/>\n<meta property=\"og:site_name\" content=\"Acampa 2018 - Pola paz e o dereito a refuxio\" \/>\n<meta property=\"article:modified_time\" content=\"2018-06-12T12:21:02+00:00\" \/>\n<meta name=\"twitter:card\" content=\"summary_large_image\" \/>\n<meta name=\"twitter:label1\" content=\"Tiempo de lectura\" \/>\n\t<meta name=\"twitter:data1\" content=\"2 minutos\" \/>\n<script type=\"application\/ld+json\" class=\"yoast-schema-graph\">{\"@context\":\"https:\\\/\\\/schema.org\",\"@graph\":[{\"@type\":\"WebPage\",\"@id\":\"https:\\\/\\\/coruna2018.redeacampa.org\\\/es\\\/events\\\/evaluacion-del-evento-de-sensibilizacion-acampa-2018-pola-paz-e-o-dereito-ao-refuxio\\\/\",\"url\":\"https:\\\/\\\/coruna2018.redeacampa.org\\\/es\\\/events\\\/evaluacion-del-evento-de-sensibilizacion-acampa-2018-pola-paz-e-o-dereito-ao-refuxio\\\/\",\"name\":\"Evaluaci\u00f3n del evento de sensibilizaci\u00f3n \\\"Acampa 2018 pola Paz e o Dereito ao Refuxio\\\" | Acampa 2018 - Pola paz e o dereito a refuxio\",\"isPartOf\":{\"@id\":\"https:\\\/\\\/coruna2018.redeacampa.org\\\/es\\\/#website\"},\"datePublished\":\"2018-06-11T07:39:25+00:00\",\"dateModified\":\"2018-06-12T12:21:02+00:00\",\"breadcrumb\":{\"@id\":\"https:\\\/\\\/coruna2018.redeacampa.org\\\/es\\\/events\\\/evaluacion-del-evento-de-sensibilizacion-acampa-2018-pola-paz-e-o-dereito-ao-refuxio\\\/#breadcrumb\"},\"inLanguage\":\"es\",\"potentialAction\":[{\"@type\":\"ReadAction\",\"target\":[\"https:\\\/\\\/coruna2018.redeacampa.org\\\/es\\\/events\\\/evaluacion-del-evento-de-sensibilizacion-acampa-2018-pola-paz-e-o-dereito-ao-refuxio\\\/\"]}]},{\"@type\":\"BreadcrumbList\",\"@id\":\"https:\\\/\\\/coruna2018.redeacampa.org\\\/es\\\/events\\\/evaluacion-del-evento-de-sensibilizacion-acampa-2018-pola-paz-e-o-dereito-ao-refuxio\\\/#breadcrumb\",\"itemListElement\":[{\"@type\":\"ListItem\",\"position\":1,\"name\":\"Portada\",\"item\":\"https:\\\/\\\/coruna2018.redeacampa.org\\\/es\\\/\"},{\"@type\":\"ListItem\",\"position\":2,\"name\":\"Eventos\",\"item\":\"https:\\\/\\\/coruna2018.redeacampa.org\\\/es\\\/events\\\/\"},{\"@type\":\"ListItem\",\"position\":3,\"name\":\"Evaluaci\u00f3n del evento de sensibilizaci\u00f3n \u00abAcampa 2018 pola Paz e o Dereito ao Refuxio\u00bb\"}]},{\"@type\":\"WebSite\",\"@id\":\"https:\\\/\\\/coruna2018.redeacampa.org\\\/es\\\/#website\",\"url\":\"https:\\\/\\\/coruna2018.redeacampa.org\\\/es\\\/\",\"name\":\"Acampa 2018 - Pola paz e o dereito a refuxio\",\"description\":\"Unha iniciativa cidad\u00e1 sen fins de lucro integrada por colectivos sociais, culturais, educativos, veci\u00f1ais, pol\u00edticos, sindicais, art\u00edsticos, de persoas solidarias, de instituci\u00f3ns e empresas con responsabilidade social que te\u00f1en como obxectivo a defensa dos dereitos humanos, o Dereito Internacional Humanitario e o Dereito a Refuxio.\",\"potentialAction\":[{\"@type\":\"SearchAction\",\"target\":{\"@type\":\"EntryPoint\",\"urlTemplate\":\"https:\\\/\\\/coruna2018.redeacampa.org\\\/es\\\/?s={search_term_string}\"},\"query-input\":{\"@type\":\"PropertyValueSpecification\",\"valueRequired\":true,\"valueName\":\"search_term_string\"}}],\"inLanguage\":\"es\"}]}<\/script>\n<!-- \/ Yoast SEO plugin. -->","yoast_head_json":{"title":"Evaluaci\u00f3n del evento de sensibilizaci\u00f3n \"Acampa 2018 pola Paz e o Dereito ao Refuxio\" | Acampa 2018 - Pola paz e o dereito a refuxio","robots":{"index":"index","follow":"follow","max-snippet":"max-snippet:-1","max-image-preview":"max-image-preview:large","max-video-preview":"max-video-preview:-1"},"canonical":"https:\/\/coruna2018.redeacampa.org\/es\/events\/evaluacion-del-evento-de-sensibilizacion-acampa-2018-pola-paz-e-o-dereito-ao-refuxio\/","og_locale":"es_ES","og_type":"article","og_title":"Evaluaci\u00f3n del evento de sensibilizaci\u00f3n \"Acampa 2018 pola Paz e o Dereito ao Refuxio\" | Acampa 2018 - Pola paz e o dereito a refuxio","og_description":"Evaluar es una funci\u00f3n fundamental a la hora de llevar a cabo calquer proyecto, y m\u00e1s cuando estamos hablando de un proyecto de sensibilizaci\u00f3n de esta envergadura. El obetivo principal que pretendemos conseguir es inquirir el impacto sensibilizador de las diferentes actividades que se llevan a cabo a lo largo de los tres d\u00edas que [&hellip;]","og_url":"https:\/\/coruna2018.redeacampa.org\/es\/events\/evaluacion-del-evento-de-sensibilizacion-acampa-2018-pola-paz-e-o-dereito-ao-refuxio\/","og_site_name":"Acampa 2018 - Pola paz e o dereito a refuxio","article_modified_time":"2018-06-12T12:21:02+00:00","twitter_card":"summary_large_image","twitter_misc":{"Tiempo de lectura":"2 minutos"},"schema":{"@context":"https:\/\/schema.org","@graph":[{"@type":"WebPage","@id":"https:\/\/coruna2018.redeacampa.org\/es\/events\/evaluacion-del-evento-de-sensibilizacion-acampa-2018-pola-paz-e-o-dereito-ao-refuxio\/","url":"https:\/\/coruna2018.redeacampa.org\/es\/events\/evaluacion-del-evento-de-sensibilizacion-acampa-2018-pola-paz-e-o-dereito-ao-refuxio\/","name":"Evaluaci\u00f3n del evento de sensibilizaci\u00f3n \"Acampa 2018 pola Paz e o Dereito ao Refuxio\" | Acampa 2018 - Pola paz e o dereito a refuxio","isPartOf":{"@id":"https:\/\/coruna2018.redeacampa.org\/es\/#website"},"datePublished":"2018-06-11T07:39:25+00:00","dateModified":"2018-06-12T12:21:02+00:00","breadcrumb":{"@id":"https:\/\/coruna2018.redeacampa.org\/es\/events\/evaluacion-del-evento-de-sensibilizacion-acampa-2018-pola-paz-e-o-dereito-ao-refuxio\/#breadcrumb"},"inLanguage":"es","potentialAction":[{"@type":"ReadAction","target":["https:\/\/coruna2018.redeacampa.org\/es\/events\/evaluacion-del-evento-de-sensibilizacion-acampa-2018-pola-paz-e-o-dereito-ao-refuxio\/"]}]},{"@type":"BreadcrumbList","@id":"https:\/\/coruna2018.redeacampa.org\/es\/events\/evaluacion-del-evento-de-sensibilizacion-acampa-2018-pola-paz-e-o-dereito-ao-refuxio\/#breadcrumb","itemListElement":[{"@type":"ListItem","position":1,"name":"Portada","item":"https:\/\/coruna2018.redeacampa.org\/es\/"},{"@type":"ListItem","position":2,"name":"Eventos","item":"https:\/\/coruna2018.redeacampa.org\/es\/events\/"},{"@type":"ListItem","position":3,"name":"Evaluaci\u00f3n del evento de sensibilizaci\u00f3n \u00abAcampa 2018 pola Paz e o Dereito ao Refuxio\u00bb"}]},{"@type":"WebSite","@id":"https:\/\/coruna2018.redeacampa.org\/es\/#website","url":"https:\/\/coruna2018.redeacampa.org\/es\/","name":"Acampa 2018 - Pola paz e o dereito a refuxio","description":"Unha iniciativa cidad\u00e1 sen fins de lucro integrada por colectivos sociais, culturais, educativos, veci\u00f1ais, pol\u00edticos, sindicais, art\u00edsticos, de persoas solidarias, de instituci\u00f3ns e empresas con responsabilidade social que te\u00f1en como obxectivo a defensa dos dereitos humanos, o Dereito Internacional Humanitario e o Dereito a Refuxio.","potentialAction":[{"@type":"SearchAction","target":{"@type":"EntryPoint","urlTemplate":"https:\/\/coruna2018.redeacampa.org\/es\/?s={search_term_string}"},"query-input":{"@type":"PropertyValueSpecification","valueRequired":true,"valueName":"search_term_string"}}],"inLanguage":"es"}]}},"_links":{"self":[{"href":"https:\/\/coruna2018.redeacampa.org\/es\/wp-json\/wp\/v2\/ajde_events\/39019","targetHints":{"allow":["GET"]}}],"collection":[{"href":"https:\/\/coruna2018.redeacampa.org\/es\/wp-json\/wp\/v2\/ajde_events"}],"about":[{"href":"https:\/\/coruna2018.redeacampa.org\/es\/wp-json\/wp\/v2\/types\/ajde_events"}],"author":[{"embeddable":true,"href":"https:\/\/coruna2018.redeacampa.org\/es\/wp-json\/wp\/v2\/users\/2"}],"replies":[{"embeddable":true,"href":"https:\/\/coruna2018.redeacampa.org\/es\/wp-json\/wp\/v2\/comments?post=39019"}],"wp:attachment":[{"href":"https:\/\/coruna2018.redeacampa.org\/es\/wp-json\/wp\/v2\/media?parent=39019"}],"wp:term":[{"taxonomy":"post_tag","embeddable":true,"href":"https:\/\/coruna2018.redeacampa.org\/es\/wp-json\/wp\/v2\/tags?post=39019"},{"taxonomy":"event_type","embeddable":true,"href":"https:\/\/coruna2018.redeacampa.org\/es\/wp-json\/wp\/v2\/event_type?post=39019"},{"taxonomy":"event_type_2","embeddable":true,"href":"https:\/\/coruna2018.redeacampa.org\/es\/wp-json\/wp\/v2\/event_type_2?post=39019"}],"curies":[{"name":"wp","href":"https:\/\/api.w.org\/{rel}","templated":true}]}}