{"id":38752,"date":"2018-06-07T09:50:21","date_gmt":"2018-06-07T07:50:21","guid":{"rendered":"https:\/\/www.acampa.eu\/?post_type=ajde_events&#038;p=38752"},"modified":"2018-06-11T13:10:45","modified_gmt":"2018-06-11T11:10:45","slug":"exit","status":"publish","type":"ajde_events","link":"https:\/\/coruna2018.redeacampa.org\/es\/events\/exit\/","title":{"rendered":"Exit"},"content":{"rendered":"<div class=\"page\" title=\"Page 2\">\n<div class=\"layoutArea\">\n<div class=\"column\">\n<h2><strong>EXIT<\/strong><\/h2>\n<p><img loading=\"lazy\" decoding=\"async\" class=\"alignnone wp-image-39049 size-medium\" src=\"\/wp-content\/uploads\/EXIT-3-214x300.jpg\" alt=\"EXIT\" width=\"214\" height=\"300\" srcset=\"https:\/\/coruna2018.redeacampa.org\/wp-content\/uploads\/EXIT-3-214x300.jpg 214w, https:\/\/coruna2018.redeacampa.org\/wp-content\/uploads\/EXIT-3.jpg 685w\" sizes=\"(max-width: 214px) 100vw, 214px\" \/><\/p>\n<p>Es una banda de versiones nacida en el a\u00f1o 2008. Originariamente se cre\u00f3 para ser el grupo residente de la prestigiosa sala Mardi Gras de A Coru\u00f1a, uno de los clubs de m\u00fasica en directo m\u00e1s importantes del territorio nacional. Es all\u00ed donde ha desarrollado la mayor parte de su actividad, tocando cada noche de jueves y cosechando m\u00faltiples llenos y una legi\u00f3n de admiradores. Adem\u00e1s cabe destacar su participaci\u00f3n en festivales y eventos como el Noroeste Pop Rock o el Nordestazo de Malpica.<\/p>\n<p>El repertorio de EXIT, que actualmente cuenta con m\u00e1s de 250 temas, est\u00e1 plagado de cl\u00e1sicos de la historia del rock de diferentes d\u00e9cadas. Todos ellos himnos que transportan a la audiencia a las mejores \u00e9pocas de las grandes bandas rockeras.<\/p>\n<p>Su sonido, puro y refinado, les ha convertido en una de las mejores y mas reputadas bandas de versiones de la actualidad, hecho que viene avalado por la fidelidad de un p\u00fablico que les ha hecho ser los \u00fanicos supervivientes de la programaci\u00f3n estable en la escena de salas coru\u00f1esas de m\u00fasica en directo.<\/p>\n<p>Muchas han sido las cri\u0301ticas que han dejado constancia del buen hacer de la banda, algunas de ellas incluidas en diarios como La Opini\u00f3n o La Voz de Galicia, o en webs especializadas como empuje.net o Inframundo Corun\u0303a.<\/p>\n<p>Bowie, Kiss, AC\/DC, Rolling Stones, Ramones, Led Zeppelin, Hendrix&#8230; son solo algunos de los artistas que EXIT lleva al escenario en sus actuaciones, haciendo de ellas un aut\u00e9ntico \u00e9xtasis para cualquier aficionado a la m\u00fasica.<\/p>\n<p>La formaci\u00f3n actual consta de Ton Eir\u00edn a la voz principal, guitarra y arm\u00f3nica, JC Nogueira a la guitarra y voces, Lago Doval a la bater\u00eda y Miguel Su\u00e1rez al bajo y voces.<\/p>\n<div class=\"page\" title=\"Page 4\">\n<div class=\"layoutArea\">\n<div class=\"column\">\n<p><strong>Enlaces Web<br \/>\n<\/strong><\/p>\n<\/div>\n<\/div>\n<div class=\"layoutArea\">\n<div class=\"column\">\n<p><a href=\"http:\/\/www.salamardigras.com\">www.salamardigras.com<\/a><br \/>\n<a href=\"http:\/\/www.facebook.com\/exitrocks\">www.facebook.com\/exitrocks<\/a><\/p>\n<p><strong>Enlaces de V\u00eddeo<br \/>\n<\/strong><\/p>\n<p><a href=\"http:\/\/www.youtube.com\/playlist?list=PLmGwfexukKYd8ESJRnxSeG3gyotWo7ScP\">http:\/\/www.youtube.com\/playlist?list=PLmGwfexukKYd8ESJRnxSeG3gyotWo7ScP<\/a><br \/>\n<a href=\"http:\/\/www.youtube.com\/playlist?list=PLmGwfexukKYcXVBMEToEpNfHWzv5J64iK\">http:\/\/www.youtube.com\/playlist?list=PLmGwfexukKYcXVBMEToEpNfHWzv5J64iK<\/a><br \/>\n<a href=\"https:\/\/www.youtube.com\/watch?v=o-sz-o8i-Pc\">https:\/\/www.youtube.com\/watch?v=o-sz-o8i-Pc<\/a><\/p>\n<\/div>\n<\/div>\n<\/div>\n<\/div>\n<\/div>\n<\/div>\n","protected":false},"author":2,"featured_media":39042,"menu_order":0,"comment_status":"open","ping_status":"closed","template":"","meta":{"_et_pb_use_builder":"","_et_pb_old_content":"","_et_gb_content_width":"","inline_featured_image":false},"tags":[],"event_type":[149,152,59],"event_type_2":[],"class_list":["post-38752","ajde_events","type-ajde_events","status-publish","has-post-thumbnail","hentry","event_location-carpa-central","event_type-14-06-18-es","event_type-2018-conciertos-es","event_type-2018-programa-es"],"yoast_head":"<!-- This site is optimized with the Yoast SEO plugin v27.4 - https:\/\/yoast.com\/product\/yoast-seo-wordpress\/ -->\n<title>Exit | Acampa 2018 - Pola paz e o dereito a refuxio<\/title>\n<meta name=\"robots\" content=\"index, follow, max-snippet:-1, max-image-preview:large, max-video-preview:-1\" \/>\n<link rel=\"canonical\" href=\"https:\/\/coruna2018.redeacampa.org\/es\/events\/exit\/\" \/>\n<meta property=\"og:locale\" content=\"es_ES\" \/>\n<meta property=\"og:type\" content=\"article\" \/>\n<meta property=\"og:title\" content=\"Exit | Acampa 2018 - Pola paz e o dereito a refuxio\" \/>\n<meta property=\"og:description\" content=\"EXIT Es una banda de versiones nacida en el a\u00f1o 2008. Originariamente se cre\u00f3 para ser el grupo residente de la prestigiosa sala Mardi Gras de A Coru\u00f1a, uno de los clubs de m\u00fasica en directo m\u00e1s importantes del territorio nacional. Es all\u00ed donde ha desarrollado la mayor parte de su actividad, tocando cada noche [&hellip;]\" \/>\n<meta property=\"og:url\" content=\"https:\/\/coruna2018.redeacampa.org\/es\/events\/exit\/\" \/>\n<meta property=\"og:site_name\" content=\"Acampa 2018 - Pola paz e o dereito a refuxio\" \/>\n<meta property=\"article:modified_time\" content=\"2018-06-11T11:10:45+00:00\" \/>\n<meta property=\"og:image\" content=\"https:\/\/coruna2018.redeacampa.org\/wp-content\/uploads\/exit-1-724x1024.jpg\" \/>\n\t<meta property=\"og:image:width\" content=\"724\" \/>\n\t<meta property=\"og:image:height\" content=\"1024\" \/>\n\t<meta property=\"og:image:type\" content=\"image\/jpeg\" \/>\n<meta name=\"twitter:card\" content=\"summary_large_image\" \/>\n<meta name=\"twitter:label1\" content=\"Tiempo de lectura\" \/>\n\t<meta name=\"twitter:data1\" content=\"2 minutos\" \/>\n<script type=\"application\/ld+json\" class=\"yoast-schema-graph\">{\"@context\":\"https:\\\/\\\/schema.org\",\"@graph\":[{\"@type\":\"WebPage\",\"@id\":\"https:\\\/\\\/coruna2018.redeacampa.org\\\/es\\\/events\\\/exit\\\/\",\"url\":\"https:\\\/\\\/coruna2018.redeacampa.org\\\/es\\\/events\\\/exit\\\/\",\"name\":\"Exit | Acampa 2018 - Pola paz e o dereito a refuxio\",\"isPartOf\":{\"@id\":\"https:\\\/\\\/coruna2018.redeacampa.org\\\/es\\\/#website\"},\"primaryImageOfPage\":{\"@id\":\"https:\\\/\\\/coruna2018.redeacampa.org\\\/es\\\/events\\\/exit\\\/#primaryimage\"},\"image\":{\"@id\":\"https:\\\/\\\/coruna2018.redeacampa.org\\\/es\\\/events\\\/exit\\\/#primaryimage\"},\"thumbnailUrl\":\"https:\\\/\\\/coruna2018.redeacampa.org\\\/wp-content\\\/uploads\\\/exit-1.jpg\",\"datePublished\":\"2018-06-07T07:50:21+00:00\",\"dateModified\":\"2018-06-11T11:10:45+00:00\",\"breadcrumb\":{\"@id\":\"https:\\\/\\\/coruna2018.redeacampa.org\\\/es\\\/events\\\/exit\\\/#breadcrumb\"},\"inLanguage\":\"es\",\"potentialAction\":[{\"@type\":\"ReadAction\",\"target\":[\"https:\\\/\\\/coruna2018.redeacampa.org\\\/es\\\/events\\\/exit\\\/\"]}]},{\"@type\":\"ImageObject\",\"inLanguage\":\"es\",\"@id\":\"https:\\\/\\\/coruna2018.redeacampa.org\\\/es\\\/events\\\/exit\\\/#primaryimage\",\"url\":\"https:\\\/\\\/coruna2018.redeacampa.org\\\/wp-content\\\/uploads\\\/exit-1.jpg\",\"contentUrl\":\"https:\\\/\\\/coruna2018.redeacampa.org\\\/wp-content\\\/uploads\\\/exit-1.jpg\",\"width\":2480,\"height\":3508,\"caption\":\"EXIT\"},{\"@type\":\"BreadcrumbList\",\"@id\":\"https:\\\/\\\/coruna2018.redeacampa.org\\\/es\\\/events\\\/exit\\\/#breadcrumb\",\"itemListElement\":[{\"@type\":\"ListItem\",\"position\":1,\"name\":\"Portada\",\"item\":\"https:\\\/\\\/coruna2018.redeacampa.org\\\/es\\\/\"},{\"@type\":\"ListItem\",\"position\":2,\"name\":\"Eventos\",\"item\":\"https:\\\/\\\/coruna2018.redeacampa.org\\\/es\\\/events\\\/\"},{\"@type\":\"ListItem\",\"position\":3,\"name\":\"Exit\"}]},{\"@type\":\"WebSite\",\"@id\":\"https:\\\/\\\/coruna2018.redeacampa.org\\\/es\\\/#website\",\"url\":\"https:\\\/\\\/coruna2018.redeacampa.org\\\/es\\\/\",\"name\":\"Acampa 2018 - Pola paz e o dereito a refuxio\",\"description\":\"Unha iniciativa cidad\u00e1 sen fins de lucro integrada por colectivos sociais, culturais, educativos, veci\u00f1ais, pol\u00edticos, sindicais, art\u00edsticos, de persoas solidarias, de instituci\u00f3ns e empresas con responsabilidade social que te\u00f1en como obxectivo a defensa dos dereitos humanos, o Dereito Internacional Humanitario e o Dereito a Refuxio.\",\"potentialAction\":[{\"@type\":\"SearchAction\",\"target\":{\"@type\":\"EntryPoint\",\"urlTemplate\":\"https:\\\/\\\/coruna2018.redeacampa.org\\\/es\\\/?s={search_term_string}\"},\"query-input\":{\"@type\":\"PropertyValueSpecification\",\"valueRequired\":true,\"valueName\":\"search_term_string\"}}],\"inLanguage\":\"es\"}]}<\/script>\n<!-- \/ Yoast SEO plugin. -->","yoast_head_json":{"title":"Exit | Acampa 2018 - Pola paz e o dereito a refuxio","robots":{"index":"index","follow":"follow","max-snippet":"max-snippet:-1","max-image-preview":"max-image-preview:large","max-video-preview":"max-video-preview:-1"},"canonical":"https:\/\/coruna2018.redeacampa.org\/es\/events\/exit\/","og_locale":"es_ES","og_type":"article","og_title":"Exit | Acampa 2018 - Pola paz e o dereito a refuxio","og_description":"EXIT Es una banda de versiones nacida en el a\u00f1o 2008. Originariamente se cre\u00f3 para ser el grupo residente de la prestigiosa sala Mardi Gras de A Coru\u00f1a, uno de los clubs de m\u00fasica en directo m\u00e1s importantes del territorio nacional. Es all\u00ed donde ha desarrollado la mayor parte de su actividad, tocando cada noche [&hellip;]","og_url":"https:\/\/coruna2018.redeacampa.org\/es\/events\/exit\/","og_site_name":"Acampa 2018 - Pola paz e o dereito a refuxio","article_modified_time":"2018-06-11T11:10:45+00:00","og_image":[{"width":724,"height":1024,"url":"https:\/\/coruna2018.redeacampa.org\/wp-content\/uploads\/exit-1-724x1024.jpg","type":"image\/jpeg"}],"twitter_card":"summary_large_image","twitter_misc":{"Tiempo de lectura":"2 minutos"},"schema":{"@context":"https:\/\/schema.org","@graph":[{"@type":"WebPage","@id":"https:\/\/coruna2018.redeacampa.org\/es\/events\/exit\/","url":"https:\/\/coruna2018.redeacampa.org\/es\/events\/exit\/","name":"Exit | Acampa 2018 - Pola paz e o dereito a refuxio","isPartOf":{"@id":"https:\/\/coruna2018.redeacampa.org\/es\/#website"},"primaryImageOfPage":{"@id":"https:\/\/coruna2018.redeacampa.org\/es\/events\/exit\/#primaryimage"},"image":{"@id":"https:\/\/coruna2018.redeacampa.org\/es\/events\/exit\/#primaryimage"},"thumbnailUrl":"https:\/\/coruna2018.redeacampa.org\/wp-content\/uploads\/exit-1.jpg","datePublished":"2018-06-07T07:50:21+00:00","dateModified":"2018-06-11T11:10:45+00:00","breadcrumb":{"@id":"https:\/\/coruna2018.redeacampa.org\/es\/events\/exit\/#breadcrumb"},"inLanguage":"es","potentialAction":[{"@type":"ReadAction","target":["https:\/\/coruna2018.redeacampa.org\/es\/events\/exit\/"]}]},{"@type":"ImageObject","inLanguage":"es","@id":"https:\/\/coruna2018.redeacampa.org\/es\/events\/exit\/#primaryimage","url":"https:\/\/coruna2018.redeacampa.org\/wp-content\/uploads\/exit-1.jpg","contentUrl":"https:\/\/coruna2018.redeacampa.org\/wp-content\/uploads\/exit-1.jpg","width":2480,"height":3508,"caption":"EXIT"},{"@type":"BreadcrumbList","@id":"https:\/\/coruna2018.redeacampa.org\/es\/events\/exit\/#breadcrumb","itemListElement":[{"@type":"ListItem","position":1,"name":"Portada","item":"https:\/\/coruna2018.redeacampa.org\/es\/"},{"@type":"ListItem","position":2,"name":"Eventos","item":"https:\/\/coruna2018.redeacampa.org\/es\/events\/"},{"@type":"ListItem","position":3,"name":"Exit"}]},{"@type":"WebSite","@id":"https:\/\/coruna2018.redeacampa.org\/es\/#website","url":"https:\/\/coruna2018.redeacampa.org\/es\/","name":"Acampa 2018 - Pola paz e o dereito a refuxio","description":"Unha iniciativa cidad\u00e1 sen fins de lucro integrada por colectivos sociais, culturais, educativos, veci\u00f1ais, pol\u00edticos, sindicais, art\u00edsticos, de persoas solidarias, de instituci\u00f3ns e empresas con responsabilidade social que te\u00f1en como obxectivo a defensa dos dereitos humanos, o Dereito Internacional Humanitario e o Dereito a Refuxio.","potentialAction":[{"@type":"SearchAction","target":{"@type":"EntryPoint","urlTemplate":"https:\/\/coruna2018.redeacampa.org\/es\/?s={search_term_string}"},"query-input":{"@type":"PropertyValueSpecification","valueRequired":true,"valueName":"search_term_string"}}],"inLanguage":"es"}]}},"_links":{"self":[{"href":"https:\/\/coruna2018.redeacampa.org\/es\/wp-json\/wp\/v2\/ajde_events\/38752","targetHints":{"allow":["GET"]}}],"collection":[{"href":"https:\/\/coruna2018.redeacampa.org\/es\/wp-json\/wp\/v2\/ajde_events"}],"about":[{"href":"https:\/\/coruna2018.redeacampa.org\/es\/wp-json\/wp\/v2\/types\/ajde_events"}],"author":[{"embeddable":true,"href":"https:\/\/coruna2018.redeacampa.org\/es\/wp-json\/wp\/v2\/users\/2"}],"replies":[{"embeddable":true,"href":"https:\/\/coruna2018.redeacampa.org\/es\/wp-json\/wp\/v2\/comments?post=38752"}],"wp:featuredmedia":[{"embeddable":true,"href":"https:\/\/coruna2018.redeacampa.org\/es\/wp-json\/wp\/v2\/media\/39042"}],"wp:attachment":[{"href":"https:\/\/coruna2018.redeacampa.org\/es\/wp-json\/wp\/v2\/media?parent=38752"}],"wp:term":[{"taxonomy":"post_tag","embeddable":true,"href":"https:\/\/coruna2018.redeacampa.org\/es\/wp-json\/wp\/v2\/tags?post=38752"},{"taxonomy":"event_type","embeddable":true,"href":"https:\/\/coruna2018.redeacampa.org\/es\/wp-json\/wp\/v2\/event_type?post=38752"},{"taxonomy":"event_type_2","embeddable":true,"href":"https:\/\/coruna2018.redeacampa.org\/es\/wp-json\/wp\/v2\/event_type_2?post=38752"}],"curies":[{"name":"wp","href":"https:\/\/api.w.org\/{rel}","templated":true}]}}