{"id":37700,"date":"2018-05-07T10:25:39","date_gmt":"2018-05-07T08:25:39","guid":{"rendered":"https:\/\/www.acampa.eu\/events\/visita-guiada-4\/"},"modified":"2018-06-11T11:57:18","modified_gmt":"2018-06-11T09:57:18","slug":"visita-guiada-4","status":"publish","type":"ajde_events","link":"https:\/\/coruna2018.redeacampa.org\/es\/events\/visita-guiada-4\/","title":{"rendered":"Visita guiada"},"content":{"rendered":"<blockquote><p><strong>Gu\u00eda: <\/strong>Marga Gonzalez  (AI)<\/p><\/blockquote>\n<div id=\"attachment_39005\" style=\"width: 258px\" class=\"wp-caption alignnone\"><img loading=\"lazy\" decoding=\"async\" aria-describedby=\"caption-attachment-39005\" class=\"wp-image-39005 size-medium\" src=\"\/wp-content\/uploads\/MargaGonzalez-248x300.jpg\" alt=\"Marga Gonzalez\" width=\"248\" height=\"300\" srcset=\"https:\/\/coruna2018.redeacampa.org\/wp-content\/uploads\/MargaGonzalez-248x300.jpg 248w, https:\/\/coruna2018.redeacampa.org\/wp-content\/uploads\/MargaGonzalez.jpg 600w\" sizes=\"(max-width: 248px) 100vw, 248px\" \/><p id=\"caption-attachment-39005\" class=\"wp-caption-text\">Marga Gonzalez<\/p><\/div>\n<p>En relaci\u00f3n con la ONG Amnist\u00eda Internacional, lleva 34 a\u00f1os colaborando activamente con la citada organizaci\u00f3n, siendo la socia n\u00famero 1163 de m\u00e1s de 84.404 que hay en la actualidad.<\/p>\n<p>Desde el inicio tuvo numerosas responsabilidades dentro de la entidad:<\/p>\n<ul>\n<li>Miembro del Comit\u00e9 Ejecutivo de AI.<\/li>\n<li>Coordinadora de AI Galicia.<\/li>\n<li>Tesorera del Grupo de A Coru\u00f1a de AI.<\/li>\n<\/ul>\n<p>En la actualidad coordina el Grupo de A Coru\u00f1a de Amnist\u00eda Internacional y colabora en actividades educativas de Acampa.<\/p>\n","protected":false},"author":2,"featured_media":0,"menu_order":0,"comment_status":"open","ping_status":"closed","template":"","meta":{"_et_pb_use_builder":"","_et_pb_old_content":"","_et_gb_content_width":"","inline_featured_image":false},"tags":[],"event_type":[151,59,156],"event_type_2":[],"class_list":["post-37700","ajde_events","type-ajde_events","status-publish","hentry","event_location-jardines-de-mendez-nunez","event_type-16-06-18-es","event_type-2018-programa-es","event_type-2018-visitas-guiadas-es"],"yoast_head":"<!-- This site is optimized with the Yoast SEO plugin v27.4 - https:\/\/yoast.com\/product\/yoast-seo-wordpress\/ -->\n<title>Visita guiada | Acampa 2018 - Pola paz e o dereito a refuxio<\/title>\n<meta name=\"robots\" content=\"index, follow, max-snippet:-1, max-image-preview:large, max-video-preview:-1\" \/>\n<link rel=\"canonical\" href=\"https:\/\/coruna2018.redeacampa.org\/es\/events\/visita-guiada-4\/\" \/>\n<meta property=\"og:locale\" content=\"es_ES\" \/>\n<meta property=\"og:type\" content=\"article\" \/>\n<meta property=\"og:title\" content=\"Visita guiada | Acampa 2018 - Pola paz e o dereito a refuxio\" \/>\n<meta property=\"og:description\" content=\"Gu\u00eda: Marga Gonzalez (AI) En relaci\u00f3n con la ONG Amnist\u00eda Internacional, lleva 34 a\u00f1os colaborando activamente con la citada organizaci\u00f3n, siendo la socia n\u00famero 1163 de m\u00e1s de 84.404 que hay en la actualidad. Desde el inicio tuvo numerosas responsabilidades dentro de la entidad: Miembro del Comit\u00e9 Ejecutivo de AI. Coordinadora de AI Galicia. Tesorera [&hellip;]\" \/>\n<meta property=\"og:url\" content=\"https:\/\/coruna2018.redeacampa.org\/es\/events\/visita-guiada-4\/\" \/>\n<meta property=\"og:site_name\" content=\"Acampa 2018 - Pola paz e o dereito a refuxio\" \/>\n<meta property=\"article:modified_time\" content=\"2018-06-11T09:57:18+00:00\" \/>\n<meta property=\"og:image\" content=\"https:\/\/coruna2018.redeacampa.org\/wp-content\/uploads\/MargaGonzalez-248x300.jpg\" \/>\n<meta name=\"twitter:card\" content=\"summary_large_image\" \/>\n<script type=\"application\/ld+json\" class=\"yoast-schema-graph\">{\"@context\":\"https:\\\/\\\/schema.org\",\"@graph\":[{\"@type\":\"WebPage\",\"@id\":\"https:\\\/\\\/coruna2018.redeacampa.org\\\/es\\\/events\\\/visita-guiada-4\\\/\",\"url\":\"https:\\\/\\\/coruna2018.redeacampa.org\\\/es\\\/events\\\/visita-guiada-4\\\/\",\"name\":\"Visita guiada | Acampa 2018 - Pola paz e o dereito a refuxio\",\"isPartOf\":{\"@id\":\"https:\\\/\\\/coruna2018.redeacampa.org\\\/es\\\/#website\"},\"datePublished\":\"2018-05-07T08:25:39+00:00\",\"dateModified\":\"2018-06-11T09:57:18+00:00\",\"breadcrumb\":{\"@id\":\"https:\\\/\\\/coruna2018.redeacampa.org\\\/es\\\/events\\\/visita-guiada-4\\\/#breadcrumb\"},\"inLanguage\":\"es\",\"potentialAction\":[{\"@type\":\"ReadAction\",\"target\":[\"https:\\\/\\\/coruna2018.redeacampa.org\\\/es\\\/events\\\/visita-guiada-4\\\/\"]}]},{\"@type\":\"BreadcrumbList\",\"@id\":\"https:\\\/\\\/coruna2018.redeacampa.org\\\/es\\\/events\\\/visita-guiada-4\\\/#breadcrumb\",\"itemListElement\":[{\"@type\":\"ListItem\",\"position\":1,\"name\":\"Portada\",\"item\":\"https:\\\/\\\/coruna2018.redeacampa.org\\\/es\\\/\"},{\"@type\":\"ListItem\",\"position\":2,\"name\":\"Eventos\",\"item\":\"https:\\\/\\\/coruna2018.redeacampa.org\\\/es\\\/events\\\/\"},{\"@type\":\"ListItem\",\"position\":3,\"name\":\"Visita guiada\"}]},{\"@type\":\"WebSite\",\"@id\":\"https:\\\/\\\/coruna2018.redeacampa.org\\\/es\\\/#website\",\"url\":\"https:\\\/\\\/coruna2018.redeacampa.org\\\/es\\\/\",\"name\":\"Acampa 2018 - Pola paz e o dereito a refuxio\",\"description\":\"Unha iniciativa cidad\u00e1 sen fins de lucro integrada por colectivos sociais, culturais, educativos, veci\u00f1ais, pol\u00edticos, sindicais, art\u00edsticos, de persoas solidarias, de instituci\u00f3ns e empresas con responsabilidade social que te\u00f1en como obxectivo a defensa dos dereitos humanos, o Dereito Internacional Humanitario e o Dereito a Refuxio.\",\"potentialAction\":[{\"@type\":\"SearchAction\",\"target\":{\"@type\":\"EntryPoint\",\"urlTemplate\":\"https:\\\/\\\/coruna2018.redeacampa.org\\\/es\\\/?s={search_term_string}\"},\"query-input\":{\"@type\":\"PropertyValueSpecification\",\"valueRequired\":true,\"valueName\":\"search_term_string\"}}],\"inLanguage\":\"es\"}]}<\/script>\n<!-- \/ Yoast SEO plugin. -->","yoast_head_json":{"title":"Visita guiada | Acampa 2018 - Pola paz e o dereito a refuxio","robots":{"index":"index","follow":"follow","max-snippet":"max-snippet:-1","max-image-preview":"max-image-preview:large","max-video-preview":"max-video-preview:-1"},"canonical":"https:\/\/coruna2018.redeacampa.org\/es\/events\/visita-guiada-4\/","og_locale":"es_ES","og_type":"article","og_title":"Visita guiada | Acampa 2018 - Pola paz e o dereito a refuxio","og_description":"Gu\u00eda: Marga Gonzalez (AI) En relaci\u00f3n con la ONG Amnist\u00eda Internacional, lleva 34 a\u00f1os colaborando activamente con la citada organizaci\u00f3n, siendo la socia n\u00famero 1163 de m\u00e1s de 84.404 que hay en la actualidad. Desde el inicio tuvo numerosas responsabilidades dentro de la entidad: Miembro del Comit\u00e9 Ejecutivo de AI. Coordinadora de AI Galicia. Tesorera [&hellip;]","og_url":"https:\/\/coruna2018.redeacampa.org\/es\/events\/visita-guiada-4\/","og_site_name":"Acampa 2018 - Pola paz e o dereito a refuxio","article_modified_time":"2018-06-11T09:57:18+00:00","og_image":[{"url":"https:\/\/coruna2018.redeacampa.org\/wp-content\/uploads\/MargaGonzalez-248x300.jpg","type":"","width":"","height":""}],"twitter_card":"summary_large_image","schema":{"@context":"https:\/\/schema.org","@graph":[{"@type":"WebPage","@id":"https:\/\/coruna2018.redeacampa.org\/es\/events\/visita-guiada-4\/","url":"https:\/\/coruna2018.redeacampa.org\/es\/events\/visita-guiada-4\/","name":"Visita guiada | Acampa 2018 - Pola paz e o dereito a refuxio","isPartOf":{"@id":"https:\/\/coruna2018.redeacampa.org\/es\/#website"},"datePublished":"2018-05-07T08:25:39+00:00","dateModified":"2018-06-11T09:57:18+00:00","breadcrumb":{"@id":"https:\/\/coruna2018.redeacampa.org\/es\/events\/visita-guiada-4\/#breadcrumb"},"inLanguage":"es","potentialAction":[{"@type":"ReadAction","target":["https:\/\/coruna2018.redeacampa.org\/es\/events\/visita-guiada-4\/"]}]},{"@type":"BreadcrumbList","@id":"https:\/\/coruna2018.redeacampa.org\/es\/events\/visita-guiada-4\/#breadcrumb","itemListElement":[{"@type":"ListItem","position":1,"name":"Portada","item":"https:\/\/coruna2018.redeacampa.org\/es\/"},{"@type":"ListItem","position":2,"name":"Eventos","item":"https:\/\/coruna2018.redeacampa.org\/es\/events\/"},{"@type":"ListItem","position":3,"name":"Visita guiada"}]},{"@type":"WebSite","@id":"https:\/\/coruna2018.redeacampa.org\/es\/#website","url":"https:\/\/coruna2018.redeacampa.org\/es\/","name":"Acampa 2018 - Pola paz e o dereito a refuxio","description":"Unha iniciativa cidad\u00e1 sen fins de lucro integrada por colectivos sociais, culturais, educativos, veci\u00f1ais, pol\u00edticos, sindicais, art\u00edsticos, de persoas solidarias, de instituci\u00f3ns e empresas con responsabilidade social que te\u00f1en como obxectivo a defensa dos dereitos humanos, o Dereito Internacional Humanitario e o Dereito a Refuxio.","potentialAction":[{"@type":"SearchAction","target":{"@type":"EntryPoint","urlTemplate":"https:\/\/coruna2018.redeacampa.org\/es\/?s={search_term_string}"},"query-input":{"@type":"PropertyValueSpecification","valueRequired":true,"valueName":"search_term_string"}}],"inLanguage":"es"}]}},"_links":{"self":[{"href":"https:\/\/coruna2018.redeacampa.org\/es\/wp-json\/wp\/v2\/ajde_events\/37700","targetHints":{"allow":["GET"]}}],"collection":[{"href":"https:\/\/coruna2018.redeacampa.org\/es\/wp-json\/wp\/v2\/ajde_events"}],"about":[{"href":"https:\/\/coruna2018.redeacampa.org\/es\/wp-json\/wp\/v2\/types\/ajde_events"}],"author":[{"embeddable":true,"href":"https:\/\/coruna2018.redeacampa.org\/es\/wp-json\/wp\/v2\/users\/2"}],"replies":[{"embeddable":true,"href":"https:\/\/coruna2018.redeacampa.org\/es\/wp-json\/wp\/v2\/comments?post=37700"}],"wp:attachment":[{"href":"https:\/\/coruna2018.redeacampa.org\/es\/wp-json\/wp\/v2\/media?parent=37700"}],"wp:term":[{"taxonomy":"post_tag","embeddable":true,"href":"https:\/\/coruna2018.redeacampa.org\/es\/wp-json\/wp\/v2\/tags?post=37700"},{"taxonomy":"event_type","embeddable":true,"href":"https:\/\/coruna2018.redeacampa.org\/es\/wp-json\/wp\/v2\/event_type?post=37700"},{"taxonomy":"event_type_2","embeddable":true,"href":"https:\/\/coruna2018.redeacampa.org\/es\/wp-json\/wp\/v2\/event_type_2?post=37700"}],"curies":[{"name":"wp","href":"https:\/\/api.w.org\/{rel}","templated":true}]}}