{"id":37523,"date":"2018-04-29T12:11:20","date_gmt":"2018-04-29T10:11:20","guid":{"rendered":"https:\/\/www.acampa.eu\/?post_type=ajde_events&#038;p=37523"},"modified":"2018-06-16T10:19:12","modified_gmt":"2018-06-16T08:19:12","slug":"oscar-camps","status":"publish","type":"ajde_events","link":"https:\/\/coruna2018.redeacampa.org\/es\/events\/oscar-camps\/","title":{"rendered":"Salvar vidas, \u00bfobligaci\u00f3n o delito?"},"content":{"rendered":"<blockquote><p>Anabel Montes Mir (POA)<\/p><\/blockquote>\n<div id=\"attachment_39062\" style=\"width: 410px\" class=\"wp-caption alignnone\"><img loading=\"lazy\" decoding=\"async\" aria-describedby=\"caption-attachment-39062\" class=\"wp-image-39062\" src=\"\/wp-content\/uploads\/Anabel-Montero-300x200.jpg\" alt=\"Anabel Montero\" width=\"400\" height=\"267\" srcset=\"https:\/\/coruna2018.redeacampa.org\/wp-content\/uploads\/Anabel-Montero-300x200.jpg 300w, https:\/\/coruna2018.redeacampa.org\/wp-content\/uploads\/Anabel-Montero-768x512.jpg 768w, https:\/\/coruna2018.redeacampa.org\/wp-content\/uploads\/Anabel-Montero-1024x682.jpg 1024w, https:\/\/coruna2018.redeacampa.org\/wp-content\/uploads\/Anabel-Montero-1080x720.jpg 1080w, https:\/\/coruna2018.redeacampa.org\/wp-content\/uploads\/Anabel-Montero.jpg 1277w\" sizes=\"(max-width: 400px) 100vw, 400px\" \/><p id=\"caption-attachment-39062\" class=\"wp-caption-text\">Anabel Montes<\/p><\/div>\n<p>Soy de Asturias, tengo 31 a\u00f1os. He trabajado de socorrista durante 12 a\u00f1os sobretodo en Asturias y los \u00faltimos 4 en Barcelona. Tengo formaci\u00f3n en diversos cursos de rescate (r\u00edos, lagos, subacu\u00e1tico, mar\u00edtimo&#8230;).<\/p>\n<p>Llegu\u00e9 a Lesbos en diciembre del 2015 como voluntaria para 15 d\u00edas con Open Arms y eso se convirti\u00f3 en los dos \u00faltimos a\u00f1os de mi vida. En Lesbos estuve 9 meses sobretodo de patrona de embarcaciones r\u00e1pidas y tambi\u00e9n de coordinadora de la operaci\u00f3n en la isla.<\/p>\n<p>En el mediterr\u00e1neo he estado en 15 misiones en Astral, Golfo Azzurro y Open Arms, tambi\u00e9n la mayor\u00eda como patrona y las \u00faltimas cuatro como jefa de misi\u00f3n a bordo del Open Arms.<\/p>\n<p>&nbsp;<\/p>\n<blockquote><p>Ernesto G. Maleno\u00a0(Caminado Fronteras)<\/p><\/blockquote>\n<div id=\"attachment_38090\" style=\"width: 410px\" class=\"wp-caption alignnone\"><img loading=\"lazy\" decoding=\"async\" aria-describedby=\"caption-attachment-38090\" class=\"wp-image-38090\" src=\"\/wp-content\/uploads\/Ernesto-G.-Maleno-300x212.jpeg\" alt=\"Ernesto G. Maleno\" width=\"400\" height=\"283\" srcset=\"https:\/\/coruna2018.redeacampa.org\/wp-content\/uploads\/Ernesto-G.-Maleno-300x212.jpeg 300w, https:\/\/coruna2018.redeacampa.org\/wp-content\/uploads\/Ernesto-G.-Maleno-768x543.jpeg 768w, https:\/\/coruna2018.redeacampa.org\/wp-content\/uploads\/Ernesto-G.-Maleno-1024x724.jpeg 1024w, https:\/\/coruna2018.redeacampa.org\/wp-content\/uploads\/Ernesto-G.-Maleno-400x284.jpeg 400w, https:\/\/coruna2018.redeacampa.org\/wp-content\/uploads\/Ernesto-G.-Maleno-1080x764.jpeg 1080w, https:\/\/coruna2018.redeacampa.org\/wp-content\/uploads\/Ernesto-G.-Maleno.jpeg 1600w\" sizes=\"(max-width: 400px) 100vw, 400px\" \/><p id=\"caption-attachment-38090\" class=\"wp-caption-text\">Ernesto G. Maleno<\/p><\/div>\n<p>Son tangerino, polit\u00f3logo e realizador audiovisual. Responsable de comunicaci\u00f3n de Cami\u00f1ando Fronteiras. Autor do documental \u00bb Tarajal: transformar a dor en xustiza\u00bb. Membro de Mocidade Moura e do movemento estudantil marroqu\u00ed.<\/p>\n<blockquote><p>Ramiro G. De Dios (Xuiz CIE Aluche)<\/p><\/blockquote>\n<div id=\"attachment_38380\" style=\"width: 410px\" class=\"wp-caption alignnone\"><img loading=\"lazy\" decoding=\"async\" aria-describedby=\"caption-attachment-38380\" class=\"wp-image-38380\" src=\"\/wp-content\/uploads\/RamiroGdeDios.jpg\" alt=\"Ramiro G. de Dios\" width=\"400\" height=\"206\" srcset=\"https:\/\/coruna2018.redeacampa.org\/wp-content\/uploads\/RamiroGdeDios.jpg 600w, https:\/\/coruna2018.redeacampa.org\/wp-content\/uploads\/RamiroGdeDios-300x155.jpg 300w\" sizes=\"(max-width: 400px) 100vw, 400px\" \/><p id=\"caption-attachment-38380\" class=\"wp-caption-text\">Ramiro G. de Dios<\/p><\/div>\n<p>Ramiro Garc\u00eda de Dios ha sido durante 30 a\u00f1os titular del Juzgado de Instrucci\u00f3n n\u00famero 6 de Madrid y uno de los primeros jueces de control del Centro de Internamiento de Extranjeros de Aluche, en el que ha ejercido ocho a\u00f1os.<\/p>\n<blockquote><p>Federico Pichel (O.N.G. Aire)<\/p><\/blockquote>\n<div id=\"attachment_38346\" style=\"width: 410px\" class=\"wp-caption alignnone\"><img loading=\"lazy\" decoding=\"async\" aria-describedby=\"caption-attachment-38346\" class=\"wp-image-38346\" src=\"\/wp-content\/uploads\/FedericoPichel.jpg\" alt=\"Federico Pichel\" width=\"400\" height=\"445\" srcset=\"https:\/\/coruna2018.redeacampa.org\/wp-content\/uploads\/FedericoPichel.jpg 404w, https:\/\/coruna2018.redeacampa.org\/wp-content\/uploads\/FedericoPichel-270x300.jpg 270w\" sizes=\"(max-width: 400px) 100vw, 400px\" \/><p id=\"caption-attachment-38346\" class=\"wp-caption-text\">Federico Pichel<\/p><\/div>\n<p>Federico Pichel Ferreiro, estudi\u00f3 Ciencias econ\u00f3micas y empresariales por la universidad de La Coru\u00f1a, pero ejerce como bombero desde hace m\u00e1s de 14 a\u00f1os, trabajo que compagina con su voluntariado en ONG A.I.R.E. de la que es el actual presidente.<\/p>\n<p>Se ha formado especialmente en el mundo de las emergencias en medio acu\u00e1tico y sanitario, siendo buzo profesional en la especialidad de rescate, especialista en salvamento y socorrismo acu\u00e1tico, patr\u00f3n de embarcaci\u00f3n y t\u00e9cnico en emergencias sanitarias, con amplia formaci\u00f3n sanitaria en el mar y en actividades subacu\u00e1ticas.<\/p>\n<p>Aunque desde siempre ha estado comprometido en los valores de solidaridad y ha colaborado con numerosas organizaciones, es a partir de la foto del peque\u00f1o Aylan cuando decide \u00a0implicarse de manera directa con el drama de las personas refugiadas.<\/p>\n<blockquote>\n<div>Conduce Fernanda Tabar\u00e9s<\/div>\n<\/blockquote>\n<div>\n<div id=\"attachment_37531\" style=\"width: 410px\" class=\"wp-caption alignnone\"><img loading=\"lazy\" decoding=\"async\" aria-describedby=\"caption-attachment-37531\" class=\"wp-image-37531\" src=\"\/wp-content\/uploads\/FernandaTabares.jpg\" alt=\"Fernanda Tabar\u00e9s\" width=\"400\" height=\"200\" srcset=\"https:\/\/coruna2018.redeacampa.org\/wp-content\/uploads\/FernandaTabares.jpg 500w, https:\/\/coruna2018.redeacampa.org\/wp-content\/uploads\/FernandaTabares-300x150.jpg 300w\" sizes=\"(max-width: 400px) 100vw, 400px\" \/><p id=\"caption-attachment-37531\" class=\"wp-caption-text\">Fernanda Tabar\u00e9s<\/p><\/div>\n<\/div>\n<div>\n<p>Fernanda Tabar\u00e9s (1968) es periodista casi desde que naci\u00f3. Con dieciocho a\u00f1os, mientras estudiaba Ciencias de la Informaci\u00f3n en la Universidad Complutense de Madrid ya empez\u00f3 a trabajar en pr\u00e1cticas en el peri\u00f3dico La Regi\u00f3n. Con veintid\u00f3s a\u00f1os, comenz\u00f3 a trabajar en el grupo de la Voz de Galicia, y ah\u00ed sigue veintiocho a\u00f1os despu\u00e9s.<\/p>\n<\/div>\n<div>\n<p>Cuenta con una largu\u00edsima y variada carrera profesional que le llev\u00f3 a ser jefa de delegaci\u00f3n, jefa de cultura, Redactora jefe y columnista de Diario 16, directora de V Televisi\u00f3n, directora del programa de actualidad y an\u00e1lisis V\u00eda V, profesora de comunicaci\u00f3n empresarial en la Erlac&#8230; y actualmente y desde el a\u00f1o pasado directora de Voz Audiovisual.<\/p>\n<\/div>\n<blockquote><p>Presenta Isabel Rey (Rede galega en apoio \u00e1s persoas refuxiadas)<\/p><\/blockquote>\n<div id=\"attachment_38797\" style=\"width: 410px\" class=\"wp-caption alignnone\"><img loading=\"lazy\" decoding=\"async\" aria-describedby=\"caption-attachment-38797\" class=\"wp-image-38797\" src=\"\/wp-content\/uploads\/Isabel-Rey-281x300.jpg\" alt=\"Isabel Rey\" width=\"400\" height=\"427\" srcset=\"https:\/\/coruna2018.redeacampa.org\/wp-content\/uploads\/Isabel-Rey-281x300.jpg 281w, https:\/\/coruna2018.redeacampa.org\/wp-content\/uploads\/Isabel-Rey-768x820.jpg 768w, https:\/\/coruna2018.redeacampa.org\/wp-content\/uploads\/Isabel-Rey-959x1024.jpg 959w, https:\/\/coruna2018.redeacampa.org\/wp-content\/uploads\/Isabel-Rey-1080x1153.jpg 1080w, https:\/\/coruna2018.redeacampa.org\/wp-content\/uploads\/Isabel-Rey.jpg 1180w\" sizes=\"(max-width: 400px) 100vw, 400px\" \/><p id=\"caption-attachment-38797\" class=\"wp-caption-text\">Isabel Rey<\/p><\/div>\n<p>Colabora con la Red Gallega en Apoyo a las personas refugiadas, pintora y adem\u00e1s de dedicada al medio audiovisual. La Redrefugiadas aglutina a m\u00e1s de 70 ONGs y colectivos de todo tipo, con el \u00fanico punto en com\u00fan, el de luchar por los derechos de las personas refugiadas, exigiendo al gobierno Espa\u00f1ol que deje de violar los Derechos Humanos y la legislaci\u00f3n internacional<\/p>\n","protected":false},"author":2,"featured_media":37543,"menu_order":0,"comment_status":"open","ping_status":"closed","template":"","meta":{"_et_pb_use_builder":"","_et_pb_old_content":"","_et_gb_content_width":"","inline_featured_image":false},"tags":[],"event_type":[151,153,59],"event_type_2":[],"class_list":["post-37523","ajde_events","type-ajde_events","status-publish","has-post-thumbnail","hentry","event_location-carpa-central","event_type-16-06-18-es","event_type-2018-debates-y-charlas-es","event_type-2018-programa-es"],"yoast_head":"<!-- This site is optimized with the Yoast SEO plugin v27.4 - https:\/\/yoast.com\/product\/yoast-seo-wordpress\/ -->\n<title>Salvar vidas, \u00bfobligaci\u00f3n o delito? | Acampa 2018 - Pola paz e o dereito a refuxio<\/title>\n<meta name=\"robots\" content=\"index, follow, max-snippet:-1, max-image-preview:large, max-video-preview:-1\" \/>\n<link rel=\"canonical\" href=\"https:\/\/coruna2018.redeacampa.org\/es\/events\/oscar-camps\/\" \/>\n<meta property=\"og:locale\" content=\"es_ES\" \/>\n<meta property=\"og:type\" content=\"article\" \/>\n<meta property=\"og:title\" content=\"Salvar vidas, \u00bfobligaci\u00f3n o delito? | Acampa 2018 - Pola paz e o dereito a refuxio\" \/>\n<meta property=\"og:description\" content=\"Anabel Montes Mir (POA) Soy de Asturias, tengo 31 a\u00f1os. He trabajado de socorrista durante 12 a\u00f1os sobretodo en Asturias y los \u00faltimos 4 en Barcelona. Tengo formaci\u00f3n en diversos cursos de rescate (r\u00edos, lagos, subacu\u00e1tico, mar\u00edtimo&#8230;). Llegu\u00e9 a Lesbos en diciembre del 2015 como voluntaria para 15 d\u00edas con Open Arms y eso se [&hellip;]\" \/>\n<meta property=\"og:url\" content=\"https:\/\/coruna2018.redeacampa.org\/es\/events\/oscar-camps\/\" \/>\n<meta property=\"og:site_name\" content=\"Acampa 2018 - Pola paz e o dereito a refuxio\" \/>\n<meta property=\"article:modified_time\" content=\"2018-06-16T08:19:12+00:00\" \/>\n<meta property=\"og:image\" content=\"https:\/\/coruna2018.redeacampa.org\/wp-content\/uploads\/OscarCamps.jpg\" \/>\n\t<meta property=\"og:image:width\" content=\"700\" \/>\n\t<meta property=\"og:image:height\" content=\"350\" \/>\n\t<meta property=\"og:image:type\" content=\"image\/jpeg\" \/>\n<meta name=\"twitter:card\" content=\"summary_large_image\" \/>\n<meta name=\"twitter:label1\" content=\"Tiempo de lectura\" \/>\n\t<meta name=\"twitter:data1\" content=\"3 minutos\" \/>\n<script type=\"application\/ld+json\" class=\"yoast-schema-graph\">{\"@context\":\"https:\\\/\\\/schema.org\",\"@graph\":[{\"@type\":\"WebPage\",\"@id\":\"https:\\\/\\\/coruna2018.redeacampa.org\\\/es\\\/events\\\/oscar-camps\\\/\",\"url\":\"https:\\\/\\\/coruna2018.redeacampa.org\\\/es\\\/events\\\/oscar-camps\\\/\",\"name\":\"Salvar vidas, \u00bfobligaci\u00f3n o delito? | Acampa 2018 - Pola paz e o dereito a refuxio\",\"isPartOf\":{\"@id\":\"https:\\\/\\\/coruna2018.redeacampa.org\\\/es\\\/#website\"},\"primaryImageOfPage\":{\"@id\":\"https:\\\/\\\/coruna2018.redeacampa.org\\\/es\\\/events\\\/oscar-camps\\\/#primaryimage\"},\"image\":{\"@id\":\"https:\\\/\\\/coruna2018.redeacampa.org\\\/es\\\/events\\\/oscar-camps\\\/#primaryimage\"},\"thumbnailUrl\":\"https:\\\/\\\/coruna2018.redeacampa.org\\\/wp-content\\\/uploads\\\/OscarCamps.jpg\",\"datePublished\":\"2018-04-29T10:11:20+00:00\",\"dateModified\":\"2018-06-16T08:19:12+00:00\",\"breadcrumb\":{\"@id\":\"https:\\\/\\\/coruna2018.redeacampa.org\\\/es\\\/events\\\/oscar-camps\\\/#breadcrumb\"},\"inLanguage\":\"es\",\"potentialAction\":[{\"@type\":\"ReadAction\",\"target\":[\"https:\\\/\\\/coruna2018.redeacampa.org\\\/es\\\/events\\\/oscar-camps\\\/\"]}]},{\"@type\":\"ImageObject\",\"inLanguage\":\"es\",\"@id\":\"https:\\\/\\\/coruna2018.redeacampa.org\\\/es\\\/events\\\/oscar-camps\\\/#primaryimage\",\"url\":\"https:\\\/\\\/coruna2018.redeacampa.org\\\/wp-content\\\/uploads\\\/OscarCamps.jpg\",\"contentUrl\":\"https:\\\/\\\/coruna2018.redeacampa.org\\\/wp-content\\\/uploads\\\/OscarCamps.jpg\",\"width\":700,\"height\":350,\"caption\":\"Oscar Camps\"},{\"@type\":\"BreadcrumbList\",\"@id\":\"https:\\\/\\\/coruna2018.redeacampa.org\\\/es\\\/events\\\/oscar-camps\\\/#breadcrumb\",\"itemListElement\":[{\"@type\":\"ListItem\",\"position\":1,\"name\":\"Portada\",\"item\":\"https:\\\/\\\/coruna2018.redeacampa.org\\\/es\\\/\"},{\"@type\":\"ListItem\",\"position\":2,\"name\":\"Eventos\",\"item\":\"https:\\\/\\\/coruna2018.redeacampa.org\\\/es\\\/events\\\/\"},{\"@type\":\"ListItem\",\"position\":3,\"name\":\"Salvar vidas, \u00bfobligaci\u00f3n o delito?\"}]},{\"@type\":\"WebSite\",\"@id\":\"https:\\\/\\\/coruna2018.redeacampa.org\\\/es\\\/#website\",\"url\":\"https:\\\/\\\/coruna2018.redeacampa.org\\\/es\\\/\",\"name\":\"Acampa 2018 - Pola paz e o dereito a refuxio\",\"description\":\"Unha iniciativa cidad\u00e1 sen fins de lucro integrada por colectivos sociais, culturais, educativos, veci\u00f1ais, pol\u00edticos, sindicais, art\u00edsticos, de persoas solidarias, de instituci\u00f3ns e empresas con responsabilidade social que te\u00f1en como obxectivo a defensa dos dereitos humanos, o Dereito Internacional Humanitario e o Dereito a Refuxio.\",\"potentialAction\":[{\"@type\":\"SearchAction\",\"target\":{\"@type\":\"EntryPoint\",\"urlTemplate\":\"https:\\\/\\\/coruna2018.redeacampa.org\\\/es\\\/?s={search_term_string}\"},\"query-input\":{\"@type\":\"PropertyValueSpecification\",\"valueRequired\":true,\"valueName\":\"search_term_string\"}}],\"inLanguage\":\"es\"}]}<\/script>\n<!-- \/ Yoast SEO plugin. -->","yoast_head_json":{"title":"Salvar vidas, \u00bfobligaci\u00f3n o delito? | Acampa 2018 - Pola paz e o dereito a refuxio","robots":{"index":"index","follow":"follow","max-snippet":"max-snippet:-1","max-image-preview":"max-image-preview:large","max-video-preview":"max-video-preview:-1"},"canonical":"https:\/\/coruna2018.redeacampa.org\/es\/events\/oscar-camps\/","og_locale":"es_ES","og_type":"article","og_title":"Salvar vidas, \u00bfobligaci\u00f3n o delito? | Acampa 2018 - Pola paz e o dereito a refuxio","og_description":"Anabel Montes Mir (POA) Soy de Asturias, tengo 31 a\u00f1os. He trabajado de socorrista durante 12 a\u00f1os sobretodo en Asturias y los \u00faltimos 4 en Barcelona. Tengo formaci\u00f3n en diversos cursos de rescate (r\u00edos, lagos, subacu\u00e1tico, mar\u00edtimo&#8230;). Llegu\u00e9 a Lesbos en diciembre del 2015 como voluntaria para 15 d\u00edas con Open Arms y eso se [&hellip;]","og_url":"https:\/\/coruna2018.redeacampa.org\/es\/events\/oscar-camps\/","og_site_name":"Acampa 2018 - Pola paz e o dereito a refuxio","article_modified_time":"2018-06-16T08:19:12+00:00","og_image":[{"width":700,"height":350,"url":"https:\/\/coruna2018.redeacampa.org\/wp-content\/uploads\/OscarCamps.jpg","type":"image\/jpeg"}],"twitter_card":"summary_large_image","twitter_misc":{"Tiempo de lectura":"3 minutos"},"schema":{"@context":"https:\/\/schema.org","@graph":[{"@type":"WebPage","@id":"https:\/\/coruna2018.redeacampa.org\/es\/events\/oscar-camps\/","url":"https:\/\/coruna2018.redeacampa.org\/es\/events\/oscar-camps\/","name":"Salvar vidas, \u00bfobligaci\u00f3n o delito? | Acampa 2018 - Pola paz e o dereito a refuxio","isPartOf":{"@id":"https:\/\/coruna2018.redeacampa.org\/es\/#website"},"primaryImageOfPage":{"@id":"https:\/\/coruna2018.redeacampa.org\/es\/events\/oscar-camps\/#primaryimage"},"image":{"@id":"https:\/\/coruna2018.redeacampa.org\/es\/events\/oscar-camps\/#primaryimage"},"thumbnailUrl":"https:\/\/coruna2018.redeacampa.org\/wp-content\/uploads\/OscarCamps.jpg","datePublished":"2018-04-29T10:11:20+00:00","dateModified":"2018-06-16T08:19:12+00:00","breadcrumb":{"@id":"https:\/\/coruna2018.redeacampa.org\/es\/events\/oscar-camps\/#breadcrumb"},"inLanguage":"es","potentialAction":[{"@type":"ReadAction","target":["https:\/\/coruna2018.redeacampa.org\/es\/events\/oscar-camps\/"]}]},{"@type":"ImageObject","inLanguage":"es","@id":"https:\/\/coruna2018.redeacampa.org\/es\/events\/oscar-camps\/#primaryimage","url":"https:\/\/coruna2018.redeacampa.org\/wp-content\/uploads\/OscarCamps.jpg","contentUrl":"https:\/\/coruna2018.redeacampa.org\/wp-content\/uploads\/OscarCamps.jpg","width":700,"height":350,"caption":"Oscar Camps"},{"@type":"BreadcrumbList","@id":"https:\/\/coruna2018.redeacampa.org\/es\/events\/oscar-camps\/#breadcrumb","itemListElement":[{"@type":"ListItem","position":1,"name":"Portada","item":"https:\/\/coruna2018.redeacampa.org\/es\/"},{"@type":"ListItem","position":2,"name":"Eventos","item":"https:\/\/coruna2018.redeacampa.org\/es\/events\/"},{"@type":"ListItem","position":3,"name":"Salvar vidas, \u00bfobligaci\u00f3n o delito?"}]},{"@type":"WebSite","@id":"https:\/\/coruna2018.redeacampa.org\/es\/#website","url":"https:\/\/coruna2018.redeacampa.org\/es\/","name":"Acampa 2018 - Pola paz e o dereito a refuxio","description":"Unha iniciativa cidad\u00e1 sen fins de lucro integrada por colectivos sociais, culturais, educativos, veci\u00f1ais, pol\u00edticos, sindicais, art\u00edsticos, de persoas solidarias, de instituci\u00f3ns e empresas con responsabilidade social que te\u00f1en como obxectivo a defensa dos dereitos humanos, o Dereito Internacional Humanitario e o Dereito a Refuxio.","potentialAction":[{"@type":"SearchAction","target":{"@type":"EntryPoint","urlTemplate":"https:\/\/coruna2018.redeacampa.org\/es\/?s={search_term_string}"},"query-input":{"@type":"PropertyValueSpecification","valueRequired":true,"valueName":"search_term_string"}}],"inLanguage":"es"}]}},"_links":{"self":[{"href":"https:\/\/coruna2018.redeacampa.org\/es\/wp-json\/wp\/v2\/ajde_events\/37523","targetHints":{"allow":["GET"]}}],"collection":[{"href":"https:\/\/coruna2018.redeacampa.org\/es\/wp-json\/wp\/v2\/ajde_events"}],"about":[{"href":"https:\/\/coruna2018.redeacampa.org\/es\/wp-json\/wp\/v2\/types\/ajde_events"}],"author":[{"embeddable":true,"href":"https:\/\/coruna2018.redeacampa.org\/es\/wp-json\/wp\/v2\/users\/2"}],"replies":[{"embeddable":true,"href":"https:\/\/coruna2018.redeacampa.org\/es\/wp-json\/wp\/v2\/comments?post=37523"}],"wp:featuredmedia":[{"embeddable":true,"href":"https:\/\/coruna2018.redeacampa.org\/es\/wp-json\/wp\/v2\/media\/37543"}],"wp:attachment":[{"href":"https:\/\/coruna2018.redeacampa.org\/es\/wp-json\/wp\/v2\/media?parent=37523"}],"wp:term":[{"taxonomy":"post_tag","embeddable":true,"href":"https:\/\/coruna2018.redeacampa.org\/es\/wp-json\/wp\/v2\/tags?post=37523"},{"taxonomy":"event_type","embeddable":true,"href":"https:\/\/coruna2018.redeacampa.org\/es\/wp-json\/wp\/v2\/event_type?post=37523"},{"taxonomy":"event_type_2","embeddable":true,"href":"https:\/\/coruna2018.redeacampa.org\/es\/wp-json\/wp\/v2\/event_type_2?post=37523"}],"curies":[{"name":"wp","href":"https:\/\/api.w.org\/{rel}","templated":true}]}}