{"id":37511,"date":"2018-04-29T11:38:18","date_gmt":"2018-04-29T09:38:18","guid":{"rendered":"https:\/\/www.acampa.eu\/?post_type=ajde_events&#038;p=37511"},"modified":"2018-06-09T11:40:17","modified_gmt":"2018-06-09T09:40:17","slug":"los-ronhingyas","status":"publish","type":"ajde_events","link":"https:\/\/coruna2018.redeacampa.org\/es\/events\/los-ronhingyas\/","title":{"rendered":"La crisis de los Rohingyas"},"content":{"rendered":"<blockquote>\n<div><b>Patricia Trigales Carreiras <\/b>(M\u00e9dicos Sin Fronteras)<b><br \/>\n<\/b><\/div>\n<\/blockquote>\n<div id=\"attachment_38003\" style=\"width: 601px\" class=\"wp-caption alignnone\"><img loading=\"lazy\" decoding=\"async\" aria-describedby=\"caption-attachment-38003\" class=\"alignnone  wp-image-37751\" src=\"\/wp-content\/uploads\/Patricia-Trigales-MsF.jpg\" alt=\"\" width=\"591\" height=\"436\" srcset=\"https:\/\/coruna2018.redeacampa.org\/wp-content\/uploads\/Patricia-Trigales-MsF.jpg 560w, https:\/\/coruna2018.redeacampa.org\/wp-content\/uploads\/Patricia-Trigales-MsF-300x221.jpg 300w\" sizes=\"(max-width: 591px) 100vw, 591px\" \/><p id=\"caption-attachment-38003\" class=\"wp-caption-text\"><br \/>Patricia Trigales Carreiras<\/p><\/div>\n<div>Patricia Trigales es economista. Comenz\u00f3 a trabajar con M\u00e9dicos sin Froteras en 2004 como financiera en terreno. Posteriormente pas\u00f3 a ocupar puestos de gran responsabilidad (jefa de misi\u00f3n) en terreno. Ha estado en gran n\u00famero de proyectos. En los \u00faltimos a\u00f1os en Yemen, Rep\u00fablica Centroafricana, Sud\u00e1n del Sur, Hait\u00ed&#8230; y en el mes de marzo regres\u00f3 de Bangladesh.<\/div>\n<div><\/div>\n<div>\n<blockquote>\n<div><b>Andr\u00e9s Zaragoza <\/b>(Relator de Amnist\u00eda Internacional)<\/div>\n<\/blockquote>\n<\/div>\n<div>\n<div id=\"attachment_38003\" style=\"width: 610px\" class=\"wp-caption alignnone\"><img loading=\"lazy\" decoding=\"async\" aria-describedby=\"caption-attachment-38003\" class=\"size-full wp-image-38003\" src=\"\/wp-content\/uploads\/AndresZaragoza.jpg\" alt=\"Andr\u00e9s Zaragoza\" width=\"600\" height=\"567\" srcset=\"https:\/\/coruna2018.redeacampa.org\/wp-content\/uploads\/AndresZaragoza.jpg 600w, https:\/\/coruna2018.redeacampa.org\/wp-content\/uploads\/AndresZaragoza-300x284.jpg 300w\" sizes=\"(max-width: 600px) 100vw, 600px\" \/><p id=\"caption-attachment-38003\" class=\"wp-caption-text\">Andr\u00e9s Zaragoza<\/p><\/div>\n<\/div>\n<div>Andr\u00e9s Zaragoza Alberich es socio de Amnist\u00eda Internacional desde 1989 y activista en el Equipo de Pa\u00edses de la Organizaci\u00f3n. Actualmente se encarga de dar visibilidad a la crisis humanitaria que est\u00e1 teniendo lugar en Myanmar y en los campamentos de refugiados de Bangladesh, donde viven en condiciones precarias un mill\u00f3n de personas de la minor\u00eda rohingya.<\/div>\n<blockquote>\n<div>Presenta Cristina Ramallo (Amnist\u00eda Internacional)<\/div>\n<\/blockquote>\n<div>\n<div id=\"attachment_38293\" style=\"width: 610px\" class=\"wp-caption alignnone\"><img loading=\"lazy\" decoding=\"async\" aria-describedby=\"caption-attachment-38293\" class=\"size-full wp-image-38293\" src=\"\/wp-content\/uploads\/CristinaRamallo.jpg\" alt=\"Cristina Ramallo\" width=\"600\" height=\"592\" srcset=\"https:\/\/coruna2018.redeacampa.org\/wp-content\/uploads\/CristinaRamallo.jpg 600w, https:\/\/coruna2018.redeacampa.org\/wp-content\/uploads\/CristinaRamallo-300x296.jpg 300w\" sizes=\"(max-width: 600px) 100vw, 600px\" \/><p id=\"caption-attachment-38293\" class=\"wp-caption-text\">Cristina Ramallo<\/p><\/div>\n<p>Prof. Dna. Andrea Cristina Ramallo Mach\u00edn. Doctora en Derecho con sobresaliente cum laude por la Universidade da Coru\u00f1a. Licenciada en Historia. Docente, escritora y activista por la defensa de los derechos humanos.<\/p>\n<blockquote><p>Conduce Gemma Malvido (Redactora de <a href=\"http:\/\/www.laopinioncoruna.es\/\" target=\"_blank\" rel=\"noopener\">La Opini\u00f3n<\/a>)<\/p><\/blockquote>\n<div id=\"attachment_38763\" style=\"width: 610px\" class=\"wp-caption alignnone\"><img loading=\"lazy\" decoding=\"async\" aria-describedby=\"caption-attachment-38763\" class=\"size-full wp-image-38763\" src=\"\/wp-content\/uploads\/GemmaMalvido-2.jpg\" alt=\"Gemma Malvido\" width=\"600\" height=\"400\" srcset=\"https:\/\/coruna2018.redeacampa.org\/wp-content\/uploads\/GemmaMalvido-2.jpg 600w, https:\/\/coruna2018.redeacampa.org\/wp-content\/uploads\/GemmaMalvido-2-300x200.jpg 300w\" sizes=\"(max-width: 600px) 100vw, 600px\" \/><p id=\"caption-attachment-38763\" class=\"wp-caption-text\">Gemma Malvido<\/p><\/div>\n<p>Gemma Malvido Otero (Bueu, 1984)<\/p>\n<p>Licenciada en Periodismo por la Universidad de Santiago de Compostela<\/p>\n<p>Tras terminar la carrera entr\u00f3 como becaria en el peri\u00f3dico de La Opini\u00f3n en La Coru\u00f1a. Desde entonces trabaja en la secci\u00f3n local de ese mismo peri\u00f3dico.<\/p>\n<\/div>\n","protected":false},"author":2,"featured_media":37745,"menu_order":8,"comment_status":"open","ping_status":"closed","template":"","meta":{"_et_pb_use_builder":"","_et_pb_old_content":"","_et_gb_content_width":"","inline_featured_image":false},"tags":[],"event_type":[149,153,59],"event_type_2":[],"class_list":["post-37511","ajde_events","type-ajde_events","status-publish","has-post-thumbnail","hentry","event_location-carpa-central","event_type-14-06-18-es","event_type-2018-debates-y-charlas-es","event_type-2018-programa-es"],"yoast_head":"<!-- This site is optimized with the Yoast SEO plugin v27.4 - https:\/\/yoast.com\/product\/yoast-seo-wordpress\/ -->\n<title>La crisis de los Rohingyas | Acampa 2018 - Pola paz e o dereito a refuxio<\/title>\n<meta name=\"robots\" content=\"index, follow, max-snippet:-1, max-image-preview:large, max-video-preview:-1\" \/>\n<link rel=\"canonical\" href=\"https:\/\/coruna2018.redeacampa.org\/es\/events\/los-ronhingyas\/\" \/>\n<meta property=\"og:locale\" content=\"es_ES\" \/>\n<meta property=\"og:type\" content=\"article\" \/>\n<meta property=\"og:title\" content=\"La crisis de los Rohingyas | Acampa 2018 - Pola paz e o dereito a refuxio\" \/>\n<meta property=\"og:description\" content=\"Patricia Trigales Carreiras (M\u00e9dicos Sin Fronteras) Patricia Trigales es economista. Comenz\u00f3 a trabajar con M\u00e9dicos sin Froteras en 2004 como financiera en terreno. Posteriormente pas\u00f3 a ocupar puestos de gran responsabilidad (jefa de misi\u00f3n) en terreno. Ha estado en gran n\u00famero de proyectos. En los \u00faltimos a\u00f1os en Yemen, Rep\u00fablica Centroafricana, Sud\u00e1n del Sur, Hait\u00ed&#8230; [&hellip;]\" \/>\n<meta property=\"og:url\" content=\"https:\/\/coruna2018.redeacampa.org\/es\/events\/los-ronhingyas\/\" \/>\n<meta property=\"og:site_name\" content=\"Acampa 2018 - Pola paz e o dereito a refuxio\" \/>\n<meta property=\"article:modified_time\" content=\"2018-06-09T09:40:17+00:00\" \/>\n<meta property=\"og:image\" content=\"https:\/\/coruna2018.redeacampa.org\/wp-content\/uploads\/rohingyas.jpg\" \/>\n\t<meta property=\"og:image:width\" content=\"615\" \/>\n\t<meta property=\"og:image:height\" content=\"345\" \/>\n\t<meta property=\"og:image:type\" content=\"image\/jpeg\" \/>\n<meta name=\"twitter:card\" content=\"summary_large_image\" \/>\n<meta name=\"twitter:label1\" content=\"Tiempo de lectura\" \/>\n\t<meta name=\"twitter:data1\" content=\"1 minuto\" \/>\n<script type=\"application\/ld+json\" class=\"yoast-schema-graph\">{\"@context\":\"https:\\\/\\\/schema.org\",\"@graph\":[{\"@type\":\"WebPage\",\"@id\":\"https:\\\/\\\/coruna2018.redeacampa.org\\\/es\\\/events\\\/los-ronhingyas\\\/\",\"url\":\"https:\\\/\\\/coruna2018.redeacampa.org\\\/es\\\/events\\\/los-ronhingyas\\\/\",\"name\":\"La crisis de los Rohingyas | Acampa 2018 - Pola paz e o dereito a refuxio\",\"isPartOf\":{\"@id\":\"https:\\\/\\\/coruna2018.redeacampa.org\\\/es\\\/#website\"},\"primaryImageOfPage\":{\"@id\":\"https:\\\/\\\/coruna2018.redeacampa.org\\\/es\\\/events\\\/los-ronhingyas\\\/#primaryimage\"},\"image\":{\"@id\":\"https:\\\/\\\/coruna2018.redeacampa.org\\\/es\\\/events\\\/los-ronhingyas\\\/#primaryimage\"},\"thumbnailUrl\":\"https:\\\/\\\/coruna2018.redeacampa.org\\\/wp-content\\\/uploads\\\/rohingyas.jpg\",\"datePublished\":\"2018-04-29T09:38:18+00:00\",\"dateModified\":\"2018-06-09T09:40:17+00:00\",\"breadcrumb\":{\"@id\":\"https:\\\/\\\/coruna2018.redeacampa.org\\\/es\\\/events\\\/los-ronhingyas\\\/#breadcrumb\"},\"inLanguage\":\"es\",\"potentialAction\":[{\"@type\":\"ReadAction\",\"target\":[\"https:\\\/\\\/coruna2018.redeacampa.org\\\/es\\\/events\\\/los-ronhingyas\\\/\"]}]},{\"@type\":\"ImageObject\",\"inLanguage\":\"es\",\"@id\":\"https:\\\/\\\/coruna2018.redeacampa.org\\\/es\\\/events\\\/los-ronhingyas\\\/#primaryimage\",\"url\":\"https:\\\/\\\/coruna2018.redeacampa.org\\\/wp-content\\\/uploads\\\/rohingyas.jpg\",\"contentUrl\":\"https:\\\/\\\/coruna2018.redeacampa.org\\\/wp-content\\\/uploads\\\/rohingyas.jpg\",\"width\":615,\"height\":345},{\"@type\":\"BreadcrumbList\",\"@id\":\"https:\\\/\\\/coruna2018.redeacampa.org\\\/es\\\/events\\\/los-ronhingyas\\\/#breadcrumb\",\"itemListElement\":[{\"@type\":\"ListItem\",\"position\":1,\"name\":\"Portada\",\"item\":\"https:\\\/\\\/coruna2018.redeacampa.org\\\/es\\\/\"},{\"@type\":\"ListItem\",\"position\":2,\"name\":\"Eventos\",\"item\":\"https:\\\/\\\/coruna2018.redeacampa.org\\\/es\\\/events\\\/\"},{\"@type\":\"ListItem\",\"position\":3,\"name\":\"La crisis de los Rohingyas\"}]},{\"@type\":\"WebSite\",\"@id\":\"https:\\\/\\\/coruna2018.redeacampa.org\\\/es\\\/#website\",\"url\":\"https:\\\/\\\/coruna2018.redeacampa.org\\\/es\\\/\",\"name\":\"Acampa 2018 - Pola paz e o dereito a refuxio\",\"description\":\"Unha iniciativa cidad\u00e1 sen fins de lucro integrada por colectivos sociais, culturais, educativos, veci\u00f1ais, pol\u00edticos, sindicais, art\u00edsticos, de persoas solidarias, de instituci\u00f3ns e empresas con responsabilidade social que te\u00f1en como obxectivo a defensa dos dereitos humanos, o Dereito Internacional Humanitario e o Dereito a Refuxio.\",\"potentialAction\":[{\"@type\":\"SearchAction\",\"target\":{\"@type\":\"EntryPoint\",\"urlTemplate\":\"https:\\\/\\\/coruna2018.redeacampa.org\\\/es\\\/?s={search_term_string}\"},\"query-input\":{\"@type\":\"PropertyValueSpecification\",\"valueRequired\":true,\"valueName\":\"search_term_string\"}}],\"inLanguage\":\"es\"}]}<\/script>\n<!-- \/ Yoast SEO plugin. -->","yoast_head_json":{"title":"La crisis de los Rohingyas | Acampa 2018 - Pola paz e o dereito a refuxio","robots":{"index":"index","follow":"follow","max-snippet":"max-snippet:-1","max-image-preview":"max-image-preview:large","max-video-preview":"max-video-preview:-1"},"canonical":"https:\/\/coruna2018.redeacampa.org\/es\/events\/los-ronhingyas\/","og_locale":"es_ES","og_type":"article","og_title":"La crisis de los Rohingyas | Acampa 2018 - Pola paz e o dereito a refuxio","og_description":"Patricia Trigales Carreiras (M\u00e9dicos Sin Fronteras) Patricia Trigales es economista. Comenz\u00f3 a trabajar con M\u00e9dicos sin Froteras en 2004 como financiera en terreno. Posteriormente pas\u00f3 a ocupar puestos de gran responsabilidad (jefa de misi\u00f3n) en terreno. Ha estado en gran n\u00famero de proyectos. En los \u00faltimos a\u00f1os en Yemen, Rep\u00fablica Centroafricana, Sud\u00e1n del Sur, Hait\u00ed&#8230; [&hellip;]","og_url":"https:\/\/coruna2018.redeacampa.org\/es\/events\/los-ronhingyas\/","og_site_name":"Acampa 2018 - Pola paz e o dereito a refuxio","article_modified_time":"2018-06-09T09:40:17+00:00","og_image":[{"width":615,"height":345,"url":"https:\/\/coruna2018.redeacampa.org\/wp-content\/uploads\/rohingyas.jpg","type":"image\/jpeg"}],"twitter_card":"summary_large_image","twitter_misc":{"Tiempo de lectura":"1 minuto"},"schema":{"@context":"https:\/\/schema.org","@graph":[{"@type":"WebPage","@id":"https:\/\/coruna2018.redeacampa.org\/es\/events\/los-ronhingyas\/","url":"https:\/\/coruna2018.redeacampa.org\/es\/events\/los-ronhingyas\/","name":"La crisis de los Rohingyas | Acampa 2018 - Pola paz e o dereito a refuxio","isPartOf":{"@id":"https:\/\/coruna2018.redeacampa.org\/es\/#website"},"primaryImageOfPage":{"@id":"https:\/\/coruna2018.redeacampa.org\/es\/events\/los-ronhingyas\/#primaryimage"},"image":{"@id":"https:\/\/coruna2018.redeacampa.org\/es\/events\/los-ronhingyas\/#primaryimage"},"thumbnailUrl":"https:\/\/coruna2018.redeacampa.org\/wp-content\/uploads\/rohingyas.jpg","datePublished":"2018-04-29T09:38:18+00:00","dateModified":"2018-06-09T09:40:17+00:00","breadcrumb":{"@id":"https:\/\/coruna2018.redeacampa.org\/es\/events\/los-ronhingyas\/#breadcrumb"},"inLanguage":"es","potentialAction":[{"@type":"ReadAction","target":["https:\/\/coruna2018.redeacampa.org\/es\/events\/los-ronhingyas\/"]}]},{"@type":"ImageObject","inLanguage":"es","@id":"https:\/\/coruna2018.redeacampa.org\/es\/events\/los-ronhingyas\/#primaryimage","url":"https:\/\/coruna2018.redeacampa.org\/wp-content\/uploads\/rohingyas.jpg","contentUrl":"https:\/\/coruna2018.redeacampa.org\/wp-content\/uploads\/rohingyas.jpg","width":615,"height":345},{"@type":"BreadcrumbList","@id":"https:\/\/coruna2018.redeacampa.org\/es\/events\/los-ronhingyas\/#breadcrumb","itemListElement":[{"@type":"ListItem","position":1,"name":"Portada","item":"https:\/\/coruna2018.redeacampa.org\/es\/"},{"@type":"ListItem","position":2,"name":"Eventos","item":"https:\/\/coruna2018.redeacampa.org\/es\/events\/"},{"@type":"ListItem","position":3,"name":"La crisis de los Rohingyas"}]},{"@type":"WebSite","@id":"https:\/\/coruna2018.redeacampa.org\/es\/#website","url":"https:\/\/coruna2018.redeacampa.org\/es\/","name":"Acampa 2018 - Pola paz e o dereito a refuxio","description":"Unha iniciativa cidad\u00e1 sen fins de lucro integrada por colectivos sociais, culturais, educativos, veci\u00f1ais, pol\u00edticos, sindicais, art\u00edsticos, de persoas solidarias, de instituci\u00f3ns e empresas con responsabilidade social que te\u00f1en como obxectivo a defensa dos dereitos humanos, o Dereito Internacional Humanitario e o Dereito a Refuxio.","potentialAction":[{"@type":"SearchAction","target":{"@type":"EntryPoint","urlTemplate":"https:\/\/coruna2018.redeacampa.org\/es\/?s={search_term_string}"},"query-input":{"@type":"PropertyValueSpecification","valueRequired":true,"valueName":"search_term_string"}}],"inLanguage":"es"}]}},"_links":{"self":[{"href":"https:\/\/coruna2018.redeacampa.org\/es\/wp-json\/wp\/v2\/ajde_events\/37511","targetHints":{"allow":["GET"]}}],"collection":[{"href":"https:\/\/coruna2018.redeacampa.org\/es\/wp-json\/wp\/v2\/ajde_events"}],"about":[{"href":"https:\/\/coruna2018.redeacampa.org\/es\/wp-json\/wp\/v2\/types\/ajde_events"}],"author":[{"embeddable":true,"href":"https:\/\/coruna2018.redeacampa.org\/es\/wp-json\/wp\/v2\/users\/2"}],"replies":[{"embeddable":true,"href":"https:\/\/coruna2018.redeacampa.org\/es\/wp-json\/wp\/v2\/comments?post=37511"}],"wp:featuredmedia":[{"embeddable":true,"href":"https:\/\/coruna2018.redeacampa.org\/es\/wp-json\/wp\/v2\/media\/37745"}],"wp:attachment":[{"href":"https:\/\/coruna2018.redeacampa.org\/es\/wp-json\/wp\/v2\/media?parent=37511"}],"wp:term":[{"taxonomy":"post_tag","embeddable":true,"href":"https:\/\/coruna2018.redeacampa.org\/es\/wp-json\/wp\/v2\/tags?post=37511"},{"taxonomy":"event_type","embeddable":true,"href":"https:\/\/coruna2018.redeacampa.org\/es\/wp-json\/wp\/v2\/event_type?post=37511"},{"taxonomy":"event_type_2","embeddable":true,"href":"https:\/\/coruna2018.redeacampa.org\/es\/wp-json\/wp\/v2\/event_type_2?post=37511"}],"curies":[{"name":"wp","href":"https:\/\/api.w.org\/{rel}","templated":true}]}}