{"id":37495,"date":"2018-04-29T10:44:49","date_gmt":"2018-04-29T08:44:49","guid":{"rendered":"https:\/\/www.acampa.eu\/?post_type=ajde_events&#038;p=37495"},"modified":"2018-06-14T07:26:37","modified_gmt":"2018-06-14T05:26:37","slug":"fernanda-tabares-diputados","status":"publish","type":"ajde_events","link":"https:\/\/coruna2018.redeacampa.org\/es\/events\/fernanda-tabares-diputados\/","title":{"rendered":"Encuentro debate"},"content":{"rendered":"<p><strong>Derecho a refugio por cambio clim\u00e1tico, \u00bfd\u00f3nde est\u00e1 la pol\u00edtica? \u00bfson posibles las respuestas globales?<\/strong><\/p>\n<blockquote><p>Montse Prado (Diputada del BNG en el Palamento Galego)<\/p><\/blockquote>\n<p><img loading=\"lazy\" decoding=\"async\" class=\"size-full wp-image-37871\" src=\"\/wp-content\/uploads\/MontsePrado-1.jpg\" alt=\"Montse Prado\" width=\"600\" height=\"438\" srcset=\"https:\/\/coruna2018.redeacampa.org\/wp-content\/uploads\/MontsePrado-1.jpg 600w, https:\/\/coruna2018.redeacampa.org\/wp-content\/uploads\/MontsePrado-1-300x219.jpg 300w\" sizes=\"(max-width: 600px) 100vw, 600px\" \/><\/p>\n<p>Montse Prado es diplomada en\u00a0 EXB y licenciada en Geograf\u00eda e Historia por la Universidad de Santiago de Compostela y trabajadora del Servicio Gallego de Salud.<br \/>\nTiene vinculaci\u00f3n con el movimiento asociativo, participando en la fundaci\u00f3n y juntas directivas de diversas asociaciones culturales y vecinales.<\/p>\n<p>Concejal en Cambados de 1991 a 2005. Delegada en la provincia de Pontevedra de la Consejer\u00eda de Innovaci\u00f3n e Industria de 2005 a 2009. Miembro del Consejo de Administraci\u00f3n de la CRTVG (Compa\u00f1\u00eda de Radio-Televisi\u00f3n de Galicia) desde 2009 a 2012. Diputada en la IX Legislatura, 2012-2016, portavoz de Sanidad, Empleo y Juventud. Diputada en la actual legislatura, portavoz de Sanidad, Empleo, Pol\u00edticas Sociales y Pesca. Miembro del\u00a0 Intergrupo Paz y Solidaridad con el Pueblo Saharaui en la IX y X Legislaturas. Miembro de la Ejecutiva Nacional del BNG.<\/p>\n<blockquote><p>Ricardo Garc\u00eda Mira (Diputado del PSOE en el Congreso)<\/p><\/blockquote>\n<p><img loading=\"lazy\" decoding=\"async\" class=\"size-full wp-image-37861\" src=\"\/wp-content\/uploads\/RicardoGarciaMira.jpg\" alt=\"Ricardo Garcia Mira\" width=\"600\" height=\"376\" srcset=\"https:\/\/coruna2018.redeacampa.org\/wp-content\/uploads\/RicardoGarciaMira.jpg 600w, https:\/\/coruna2018.redeacampa.org\/wp-content\/uploads\/RicardoGarciaMira-300x188.jpg 300w, https:\/\/coruna2018.redeacampa.org\/wp-content\/uploads\/RicardoGarciaMira-400x250.jpg 400w\" sizes=\"(max-width: 600px) 100vw, 600px\" \/><\/p>\n<p>Ricardo Garc\u00eda Mira es Profesor Titular de Psicolog\u00eda Social y Ambiental en la Universidad de A\u00a0 Coru\u00f1a (UDC), acreditado a nivel nacional como Catedr\u00e1tico de Universidad. Dirigi\u00f3 el Grupo de Investigaci\u00f3n Persona-Ambiente de la UDC en el per\u00edodo 1995-2016. En 2016 fue nombrado Catedr\u00e1tico Visitante del Instituto de Investigaciones Pol\u00edticas (Institute for Policy Research) de la Universidad de Bath, en Reino Unido, para el per\u00edodo 2016-2018.Es tambi\u00e9n Presidente de la sociedad cient\u00edfica International Association for People- Environment Studies (2014-2018).<\/p>\n<p>Actualmente es Diputado en el Congreso por la provincia de A Coru\u00f1a (Legislaturas XI y XII), donde desempe\u00f1a el cargo de Portavoz del Grupo Parlamentario Socialista en la Comisi\u00f3n para el Estudio del Cambio Clim\u00e1tico.<\/p>\n<blockquote><p>Ant\u00f3n G\u00f3mez Reino (En Marea, Diputado de Unidos Podemos en el Congreso)<\/p><\/blockquote>\n<p><img loading=\"lazy\" decoding=\"async\" class=\"size-medium wp-image-38794\" src=\"\/wp-content\/uploads\/Anton-Gomez-Reino-2-300x300.jpg\" alt=\"Ant\u00f3n G\u00f3mez Reino\" width=\"300\" height=\"300\" srcset=\"https:\/\/coruna2018.redeacampa.org\/wp-content\/uploads\/Anton-Gomez-Reino-2-300x300.jpg 300w, https:\/\/coruna2018.redeacampa.org\/wp-content\/uploads\/Anton-Gomez-Reino-2-150x150.jpg 150w, https:\/\/coruna2018.redeacampa.org\/wp-content\/uploads\/Anton-Gomez-Reino-2-768x768.jpg 768w, https:\/\/coruna2018.redeacampa.org\/wp-content\/uploads\/Anton-Gomez-Reino-2-1024x1024.jpg 1024w, https:\/\/coruna2018.redeacampa.org\/wp-content\/uploads\/Anton-Gomez-Reino-2-1080x1080.jpg 1080w, https:\/\/coruna2018.redeacampa.org\/wp-content\/uploads\/Anton-Gomez-Reino-2.jpg 1200w\" sizes=\"(max-width: 300px) 100vw, 300px\" \/><\/p>\n<p>Nacido el 7 de marzo de 1980. Diputado de la XI y XII legislaturas.<br \/>\nT\u00e9cnico de laboratorio en bacteriolog\u00eda. Trabajador y activista en econom\u00eda social y en cooperaci\u00f3n internacional. T\u00e9cnico Superior en Salud Ambiental. Inspector LIGAL (Laboratorio Interprofesional Galego Analise do Leite).<\/p>\n<blockquote><p>Ciudadanos y PP no respondieron a la Invitaci\u00f3n.<\/p><\/blockquote>\n<blockquote><p>Presenta: Mabel P\u00e9rez Simal (Sindicalista, experta en igualdad)<\/p><\/blockquote>\n<p><img decoding=\"async\" class=\"size-medium wp-image-34098\" src=\"\/wp-content\/uploads\/MabelPerz-200x300.jpg\" alt=\"Mabel P\u00e9rez Simal\" width=\"200\" srcset=\"https:\/\/coruna2018.redeacampa.org\/wp-content\/uploads\/MabelPerz-200x300.jpg 200w, https:\/\/coruna2018.redeacampa.org\/wp-content\/uploads\/MabelPerz.jpg 534w\" sizes=\"(max-width: 200px) 100vw, 200px\" \/><br \/>\nEstudio filosof\u00eda. Feminista y experta en igualdad y relaciones laborales a trav\u00e9s de una intensa formaci\u00f3n: Curso Superior de Relaciones Laborales en la USC; Master de G\u00e9nero y Pol\u00edticas de Igualdad entre Mujeres y Hombres, de la Universidad Rey Juan Carlos, de Madrid; Cursos de G\u00e9nero, Ciudadan\u00eda y Trabajo; Formadora de formadoras en materia de Igualdad de G\u00e9nero y una larga lista de cursos impartidos, de tutor\u00edas, y de participaci\u00f3n en jornadas y seminarios, completan su curr\u00edculum formativo y educativo.<\/p>\n<p>Viaj\u00f3 a los campos de personas refugiadas en Grecia, trabajando como voluntaria y con la mirada puesta en las mujeres y su doble o triple discriminaci\u00f3n.<\/p>\n","protected":false},"author":2,"featured_media":0,"menu_order":9,"comment_status":"open","ping_status":"closed","template":"","meta":{"_et_pb_use_builder":"","_et_pb_old_content":"","_et_gb_content_width":"","inline_featured_image":false},"tags":[],"event_type":[149,153,59],"event_type_2":[],"class_list":["post-37495","ajde_events","type-ajde_events","status-publish","hentry","event_location-carpa-central","event_type-14-06-18-es","event_type-2018-debates-y-charlas-es","event_type-2018-programa-es"],"yoast_head":"<!-- This site is optimized with the Yoast SEO plugin v27.4 - https:\/\/yoast.com\/product\/yoast-seo-wordpress\/ -->\n<title>Encuentro debate | Acampa 2018 - Pola paz e o dereito a refuxio<\/title>\n<meta name=\"robots\" content=\"index, follow, max-snippet:-1, max-image-preview:large, max-video-preview:-1\" \/>\n<link rel=\"canonical\" href=\"https:\/\/coruna2018.redeacampa.org\/es\/events\/fernanda-tabares-diputados\/\" \/>\n<meta property=\"og:locale\" content=\"es_ES\" \/>\n<meta property=\"og:type\" content=\"article\" \/>\n<meta property=\"og:title\" content=\"Encuentro debate | Acampa 2018 - Pola paz e o dereito a refuxio\" \/>\n<meta property=\"og:description\" content=\"Derecho a refugio por cambio clim\u00e1tico, \u00bfd\u00f3nde est\u00e1 la pol\u00edtica? \u00bfson posibles las respuestas globales? Montse Prado (Diputada del BNG en el Palamento Galego) Montse Prado es diplomada en\u00a0 EXB y licenciada en Geograf\u00eda e Historia por la Universidad de Santiago de Compostela y trabajadora del Servicio Gallego de Salud. Tiene vinculaci\u00f3n con el movimiento [&hellip;]\" \/>\n<meta property=\"og:url\" content=\"https:\/\/coruna2018.redeacampa.org\/es\/events\/fernanda-tabares-diputados\/\" \/>\n<meta property=\"og:site_name\" content=\"Acampa 2018 - Pola paz e o dereito a refuxio\" \/>\n<meta property=\"article:modified_time\" content=\"2018-06-14T05:26:37+00:00\" \/>\n<meta property=\"og:image\" content=\"https:\/\/coruna2018.redeacampa.org\/wp-content\/uploads\/MontsePrado-1.jpg\" \/>\n<meta name=\"twitter:card\" content=\"summary_large_image\" \/>\n<meta name=\"twitter:label1\" content=\"Tiempo de lectura\" \/>\n\t<meta name=\"twitter:data1\" content=\"2 minutos\" \/>\n<script type=\"application\/ld+json\" class=\"yoast-schema-graph\">{\"@context\":\"https:\\\/\\\/schema.org\",\"@graph\":[{\"@type\":\"WebPage\",\"@id\":\"https:\\\/\\\/coruna2018.redeacampa.org\\\/es\\\/events\\\/fernanda-tabares-diputados\\\/\",\"url\":\"https:\\\/\\\/coruna2018.redeacampa.org\\\/es\\\/events\\\/fernanda-tabares-diputados\\\/\",\"name\":\"Encuentro debate | Acampa 2018 - Pola paz e o dereito a refuxio\",\"isPartOf\":{\"@id\":\"https:\\\/\\\/coruna2018.redeacampa.org\\\/es\\\/#website\"},\"datePublished\":\"2018-04-29T08:44:49+00:00\",\"dateModified\":\"2018-06-14T05:26:37+00:00\",\"breadcrumb\":{\"@id\":\"https:\\\/\\\/coruna2018.redeacampa.org\\\/es\\\/events\\\/fernanda-tabares-diputados\\\/#breadcrumb\"},\"inLanguage\":\"es\",\"potentialAction\":[{\"@type\":\"ReadAction\",\"target\":[\"https:\\\/\\\/coruna2018.redeacampa.org\\\/es\\\/events\\\/fernanda-tabares-diputados\\\/\"]}]},{\"@type\":\"BreadcrumbList\",\"@id\":\"https:\\\/\\\/coruna2018.redeacampa.org\\\/es\\\/events\\\/fernanda-tabares-diputados\\\/#breadcrumb\",\"itemListElement\":[{\"@type\":\"ListItem\",\"position\":1,\"name\":\"Portada\",\"item\":\"https:\\\/\\\/coruna2018.redeacampa.org\\\/es\\\/\"},{\"@type\":\"ListItem\",\"position\":2,\"name\":\"Eventos\",\"item\":\"https:\\\/\\\/coruna2018.redeacampa.org\\\/es\\\/events\\\/\"},{\"@type\":\"ListItem\",\"position\":3,\"name\":\"Encuentro debate\"}]},{\"@type\":\"WebSite\",\"@id\":\"https:\\\/\\\/coruna2018.redeacampa.org\\\/es\\\/#website\",\"url\":\"https:\\\/\\\/coruna2018.redeacampa.org\\\/es\\\/\",\"name\":\"Acampa 2018 - Pola paz e o dereito a refuxio\",\"description\":\"Unha iniciativa cidad\u00e1 sen fins de lucro integrada por colectivos sociais, culturais, educativos, veci\u00f1ais, pol\u00edticos, sindicais, art\u00edsticos, de persoas solidarias, de instituci\u00f3ns e empresas con responsabilidade social que te\u00f1en como obxectivo a defensa dos dereitos humanos, o Dereito Internacional Humanitario e o Dereito a Refuxio.\",\"potentialAction\":[{\"@type\":\"SearchAction\",\"target\":{\"@type\":\"EntryPoint\",\"urlTemplate\":\"https:\\\/\\\/coruna2018.redeacampa.org\\\/es\\\/?s={search_term_string}\"},\"query-input\":{\"@type\":\"PropertyValueSpecification\",\"valueRequired\":true,\"valueName\":\"search_term_string\"}}],\"inLanguage\":\"es\"}]}<\/script>\n<!-- \/ Yoast SEO plugin. -->","yoast_head_json":{"title":"Encuentro debate | Acampa 2018 - Pola paz e o dereito a refuxio","robots":{"index":"index","follow":"follow","max-snippet":"max-snippet:-1","max-image-preview":"max-image-preview:large","max-video-preview":"max-video-preview:-1"},"canonical":"https:\/\/coruna2018.redeacampa.org\/es\/events\/fernanda-tabares-diputados\/","og_locale":"es_ES","og_type":"article","og_title":"Encuentro debate | Acampa 2018 - Pola paz e o dereito a refuxio","og_description":"Derecho a refugio por cambio clim\u00e1tico, \u00bfd\u00f3nde est\u00e1 la pol\u00edtica? \u00bfson posibles las respuestas globales? Montse Prado (Diputada del BNG en el Palamento Galego) Montse Prado es diplomada en\u00a0 EXB y licenciada en Geograf\u00eda e Historia por la Universidad de Santiago de Compostela y trabajadora del Servicio Gallego de Salud. Tiene vinculaci\u00f3n con el movimiento [&hellip;]","og_url":"https:\/\/coruna2018.redeacampa.org\/es\/events\/fernanda-tabares-diputados\/","og_site_name":"Acampa 2018 - Pola paz e o dereito a refuxio","article_modified_time":"2018-06-14T05:26:37+00:00","og_image":[{"url":"https:\/\/coruna2018.redeacampa.org\/wp-content\/uploads\/MontsePrado-1.jpg","type":"","width":"","height":""}],"twitter_card":"summary_large_image","twitter_misc":{"Tiempo de lectura":"2 minutos"},"schema":{"@context":"https:\/\/schema.org","@graph":[{"@type":"WebPage","@id":"https:\/\/coruna2018.redeacampa.org\/es\/events\/fernanda-tabares-diputados\/","url":"https:\/\/coruna2018.redeacampa.org\/es\/events\/fernanda-tabares-diputados\/","name":"Encuentro debate | Acampa 2018 - Pola paz e o dereito a refuxio","isPartOf":{"@id":"https:\/\/coruna2018.redeacampa.org\/es\/#website"},"datePublished":"2018-04-29T08:44:49+00:00","dateModified":"2018-06-14T05:26:37+00:00","breadcrumb":{"@id":"https:\/\/coruna2018.redeacampa.org\/es\/events\/fernanda-tabares-diputados\/#breadcrumb"},"inLanguage":"es","potentialAction":[{"@type":"ReadAction","target":["https:\/\/coruna2018.redeacampa.org\/es\/events\/fernanda-tabares-diputados\/"]}]},{"@type":"BreadcrumbList","@id":"https:\/\/coruna2018.redeacampa.org\/es\/events\/fernanda-tabares-diputados\/#breadcrumb","itemListElement":[{"@type":"ListItem","position":1,"name":"Portada","item":"https:\/\/coruna2018.redeacampa.org\/es\/"},{"@type":"ListItem","position":2,"name":"Eventos","item":"https:\/\/coruna2018.redeacampa.org\/es\/events\/"},{"@type":"ListItem","position":3,"name":"Encuentro debate"}]},{"@type":"WebSite","@id":"https:\/\/coruna2018.redeacampa.org\/es\/#website","url":"https:\/\/coruna2018.redeacampa.org\/es\/","name":"Acampa 2018 - Pola paz e o dereito a refuxio","description":"Unha iniciativa cidad\u00e1 sen fins de lucro integrada por colectivos sociais, culturais, educativos, veci\u00f1ais, pol\u00edticos, sindicais, art\u00edsticos, de persoas solidarias, de instituci\u00f3ns e empresas con responsabilidade social que te\u00f1en como obxectivo a defensa dos dereitos humanos, o Dereito Internacional Humanitario e o Dereito a Refuxio.","potentialAction":[{"@type":"SearchAction","target":{"@type":"EntryPoint","urlTemplate":"https:\/\/coruna2018.redeacampa.org\/es\/?s={search_term_string}"},"query-input":{"@type":"PropertyValueSpecification","valueRequired":true,"valueName":"search_term_string"}}],"inLanguage":"es"}]}},"_links":{"self":[{"href":"https:\/\/coruna2018.redeacampa.org\/es\/wp-json\/wp\/v2\/ajde_events\/37495","targetHints":{"allow":["GET"]}}],"collection":[{"href":"https:\/\/coruna2018.redeacampa.org\/es\/wp-json\/wp\/v2\/ajde_events"}],"about":[{"href":"https:\/\/coruna2018.redeacampa.org\/es\/wp-json\/wp\/v2\/types\/ajde_events"}],"author":[{"embeddable":true,"href":"https:\/\/coruna2018.redeacampa.org\/es\/wp-json\/wp\/v2\/users\/2"}],"replies":[{"embeddable":true,"href":"https:\/\/coruna2018.redeacampa.org\/es\/wp-json\/wp\/v2\/comments?post=37495"}],"wp:attachment":[{"href":"https:\/\/coruna2018.redeacampa.org\/es\/wp-json\/wp\/v2\/media?parent=37495"}],"wp:term":[{"taxonomy":"post_tag","embeddable":true,"href":"https:\/\/coruna2018.redeacampa.org\/es\/wp-json\/wp\/v2\/tags?post=37495"},{"taxonomy":"event_type","embeddable":true,"href":"https:\/\/coruna2018.redeacampa.org\/es\/wp-json\/wp\/v2\/event_type?post=37495"},{"taxonomy":"event_type_2","embeddable":true,"href":"https:\/\/coruna2018.redeacampa.org\/es\/wp-json\/wp\/v2\/event_type_2?post=37495"}],"curies":[{"name":"wp","href":"https:\/\/api.w.org\/{rel}","templated":true}]}}