{"id":37586,"date":"2018-04-29T11:38:18","date_gmt":"2018-04-29T09:38:18","guid":{"rendered":"https:\/\/www.acampa.eu\/events\/los-ronhingyas\/"},"modified":"2018-06-09T11:41:29","modified_gmt":"2018-06-09T09:41:29","slug":"los-ronhingyas","status":"publish","type":"ajde_events","link":"https:\/\/coruna2018.redeacampa.org\/en\/events\/los-ronhingyas\/","title":{"rendered":"The Ronhingyas crise"},"content":{"rendered":"<blockquote>\n<div><b>Patricia Trigales Carreiras <\/b>(Doctors without Frothers)<b><br \/>\n<\/b><\/div>\n<\/blockquote>\n<div id=\"attachment_38003\" style=\"width: 559px\" class=\"wp-caption alignnone\"><img loading=\"lazy\" decoding=\"async\" aria-describedby=\"caption-attachment-38003\" class=\"alignnone wp-image-37751\" src=\"\/wp-content\/uploads\/Patricia-Trigales-MsF.jpg\" alt=\"\" width=\"549\" height=\"405\" srcset=\"https:\/\/coruna2018.redeacampa.org\/wp-content\/uploads\/Patricia-Trigales-MsF.jpg 560w, https:\/\/coruna2018.redeacampa.org\/wp-content\/uploads\/Patricia-Trigales-MsF-300x221.jpg 300w\" sizes=\"(max-width: 549px) 100vw, 549px\" \/><p id=\"caption-attachment-38003\" class=\"wp-caption-text\"><br \/>Patricia Trigales Carreiras<\/p><\/div>\n<div>Patricia Trigales is an economist. She began working with Doctors without Frothers in 2004 as a field financier. Subsequently, she moved to positions of high responsibility (chief of mission) in the field. He has been in a large number of projects. In recent years in Yemen, Central African Republic, South Sudan, Haiti&#8230; and in March he returned from Bangladesh.<\/div>\n<div>\n<div>\n<blockquote>\n<div><b>Andr\u00e9s Zaragoza <\/b>(<span id=\"result_box\" class=\"short_text\" lang=\"en\"><span class=\"\">Amnesty International Rapporteur<\/span><\/span>)<\/div>\n<\/blockquote>\n<div>\n<div id=\"attachment_38004\" style=\"width: 560px\" class=\"wp-caption alignnone\"><img loading=\"lazy\" decoding=\"async\" aria-describedby=\"caption-attachment-38004\" class=\" wp-image-38004\" src=\"\/wp-content\/uploads\/AndresZaragoza.jpg\" alt=\"Andr\u00e9s Zaragoza\" width=\"550\" height=\"519\" srcset=\"https:\/\/coruna2018.redeacampa.org\/wp-content\/uploads\/AndresZaragoza.jpg 600w, https:\/\/coruna2018.redeacampa.org\/wp-content\/uploads\/AndresZaragoza-300x284.jpg 300w\" sizes=\"(max-width: 550px) 100vw, 550px\" \/><p id=\"caption-attachment-38004\" class=\"wp-caption-text\">Andr\u00e9s Zaragoza<\/p><\/div>\n<\/div>\n<div>Andr\u00e9s Zaragoza Alberich has been a member of Amnesty International since 1989 and an activist in the Organization&#8217;s Country Team. It is currently responsible for providing visibility to the humanitarian crisis in Myanmar and the refugee camps in Bangladesh, where one million people from the Rohingya minority live in precarious conditions.<\/div>\n<div>\n<blockquote><p>Presented by Cristina Ramallo (<span id=\"result_box\" class=\"short_text\" lang=\"en\"><span class=\"\">Amnesty International<\/span><\/span>)<\/p><\/blockquote>\n<div id=\"attachment_38294\" style=\"width: 560px\" class=\"wp-caption alignnone\"><img loading=\"lazy\" decoding=\"async\" aria-describedby=\"caption-attachment-38294\" class=\" wp-image-38294\" src=\"\/wp-content\/uploads\/CristinaRamallo.jpg\" alt=\"Cristina Ramallo\" width=\"550\" height=\"542\" srcset=\"https:\/\/coruna2018.redeacampa.org\/wp-content\/uploads\/CristinaRamallo.jpg 600w, https:\/\/coruna2018.redeacampa.org\/wp-content\/uploads\/CristinaRamallo-300x296.jpg 300w\" sizes=\"(max-width: 550px) 100vw, 550px\" \/><p id=\"caption-attachment-38294\" class=\"wp-caption-text\">Cristina Ramallo<\/p><\/div>\n<p>Prof. Dna. Andrea Cristina Ramallo Mach\u00edn. She took a doctor&#8217;s degree in Law at the University of A Coru\u00f1a. Graduate in History. Teacher, writer and human rights activist.<\/p>\n<blockquote><p>Carry: Gemma Malvido (Journalist of <a href=\"http:\/\/www.laopinioncoruna.es\/\" target=\"_blank\" rel=\"noopener\">La Opini\u00f3n<\/a>)<\/p><\/blockquote>\n<div id=\"attachment_38837\" style=\"width: 559px\" class=\"wp-caption alignnone\"><img loading=\"lazy\" decoding=\"async\" aria-describedby=\"caption-attachment-38837\" class=\" wp-image-38837\" src=\"\/wp-content\/uploads\/GemmaMalvido-2-300x200.jpg\" alt=\"Gemma Malvido\" width=\"549\" height=\"366\" srcset=\"https:\/\/coruna2018.redeacampa.org\/wp-content\/uploads\/GemmaMalvido-2-300x200.jpg 300w, https:\/\/coruna2018.redeacampa.org\/wp-content\/uploads\/GemmaMalvido-2.jpg 600w\" sizes=\"(max-width: 549px) 100vw, 549px\" \/><p id=\"caption-attachment-38837\" class=\"wp-caption-text\">Gemma Malvido<\/p><\/div>\n<p>Gemma Malvido Otero (Bueu, 1984)<\/p>\n<p>Journalism Degree by the University of Santiago de Compostela. In 2006, after university she started as an intern in the Corunna newspaper La Opini\u00f3n, and since then Working in the local section of the newspaper.<\/p>\n<\/div>\n<\/div>\n<\/div>\n","protected":false},"author":2,"featured_media":37746,"menu_order":8,"comment_status":"open","ping_status":"closed","template":"","meta":{"_et_pb_use_builder":"","_et_pb_old_content":"","_et_gb_content_width":"","inline_featured_image":false},"tags":[],"event_type":[177,166,106],"event_type_2":[],"class_list":["post-37586","ajde_events","type-ajde_events","status-publish","has-post-thumbnail","hentry","event_location-carpa-central-en","event_type-14-06-18-en","event_type-2018-debates-y-charlas-en","event_type-2018-program-en"],"yoast_head":"<!-- This site is optimized with the Yoast SEO plugin v27.4 - https:\/\/yoast.com\/product\/yoast-seo-wordpress\/ -->\n<title>The Ronhingyas crise | Acampa 2018 - Pola paz e o dereito a refuxio<\/title>\n<meta name=\"robots\" content=\"index, follow, max-snippet:-1, max-image-preview:large, max-video-preview:-1\" \/>\n<link rel=\"canonical\" href=\"https:\/\/coruna2018.redeacampa.org\/en\/events\/los-ronhingyas\/\" \/>\n<meta property=\"og:locale\" content=\"en_US\" \/>\n<meta property=\"og:type\" content=\"article\" \/>\n<meta property=\"og:title\" content=\"The Ronhingyas crise | Acampa 2018 - Pola paz e o dereito a refuxio\" \/>\n<meta property=\"og:description\" content=\"Patricia Trigales Carreiras (Doctors without Frothers) Patricia Trigales is an economist. She began working with Doctors without Frothers in 2004 as a field financier. Subsequently, she moved to positions of high responsibility (chief of mission) in the field. He has been in a large number of projects. In recent years in Yemen, Central African Republic, [&hellip;]\" \/>\n<meta property=\"og:url\" content=\"https:\/\/coruna2018.redeacampa.org\/en\/events\/los-ronhingyas\/\" \/>\n<meta property=\"og:site_name\" content=\"Acampa 2018 - Pola paz e o dereito a refuxio\" \/>\n<meta property=\"article:modified_time\" content=\"2018-06-09T09:41:29+00:00\" \/>\n<meta property=\"og:image\" content=\"https:\/\/coruna2018.redeacampa.org\/wp-content\/uploads\/rohingyas.jpg\" \/>\n\t<meta property=\"og:image:width\" content=\"615\" \/>\n\t<meta property=\"og:image:height\" content=\"345\" \/>\n\t<meta property=\"og:image:type\" content=\"image\/jpeg\" \/>\n<meta name=\"twitter:card\" content=\"summary_large_image\" \/>\n<meta name=\"twitter:label1\" content=\"Est. reading time\" \/>\n\t<meta name=\"twitter:data1\" content=\"1 minute\" \/>\n<script type=\"application\/ld+json\" class=\"yoast-schema-graph\">{\"@context\":\"https:\\\/\\\/schema.org\",\"@graph\":[{\"@type\":\"WebPage\",\"@id\":\"https:\\\/\\\/coruna2018.redeacampa.org\\\/en\\\/events\\\/los-ronhingyas\\\/\",\"url\":\"https:\\\/\\\/coruna2018.redeacampa.org\\\/en\\\/events\\\/los-ronhingyas\\\/\",\"name\":\"The Ronhingyas crise | Acampa 2018 - Pola paz e o dereito a refuxio\",\"isPartOf\":{\"@id\":\"https:\\\/\\\/coruna2018.redeacampa.org\\\/en\\\/#website\"},\"primaryImageOfPage\":{\"@id\":\"https:\\\/\\\/coruna2018.redeacampa.org\\\/en\\\/events\\\/los-ronhingyas\\\/#primaryimage\"},\"image\":{\"@id\":\"https:\\\/\\\/coruna2018.redeacampa.org\\\/en\\\/events\\\/los-ronhingyas\\\/#primaryimage\"},\"thumbnailUrl\":\"https:\\\/\\\/coruna2018.redeacampa.org\\\/wp-content\\\/uploads\\\/rohingyas.jpg\",\"datePublished\":\"2018-04-29T09:38:18+00:00\",\"dateModified\":\"2018-06-09T09:41:29+00:00\",\"breadcrumb\":{\"@id\":\"https:\\\/\\\/coruna2018.redeacampa.org\\\/en\\\/events\\\/los-ronhingyas\\\/#breadcrumb\"},\"inLanguage\":\"en-US\",\"potentialAction\":[{\"@type\":\"ReadAction\",\"target\":[\"https:\\\/\\\/coruna2018.redeacampa.org\\\/en\\\/events\\\/los-ronhingyas\\\/\"]}]},{\"@type\":\"ImageObject\",\"inLanguage\":\"en-US\",\"@id\":\"https:\\\/\\\/coruna2018.redeacampa.org\\\/en\\\/events\\\/los-ronhingyas\\\/#primaryimage\",\"url\":\"https:\\\/\\\/coruna2018.redeacampa.org\\\/wp-content\\\/uploads\\\/rohingyas.jpg\",\"contentUrl\":\"https:\\\/\\\/coruna2018.redeacampa.org\\\/wp-content\\\/uploads\\\/rohingyas.jpg\",\"width\":615,\"height\":345},{\"@type\":\"BreadcrumbList\",\"@id\":\"https:\\\/\\\/coruna2018.redeacampa.org\\\/en\\\/events\\\/los-ronhingyas\\\/#breadcrumb\",\"itemListElement\":[{\"@type\":\"ListItem\",\"position\":1,\"name\":\"Portada\",\"item\":\"https:\\\/\\\/coruna2018.redeacampa.org\\\/en\\\/\"},{\"@type\":\"ListItem\",\"position\":2,\"name\":\"Events\",\"item\":\"https:\\\/\\\/coruna2018.redeacampa.org\\\/en\\\/events\\\/\"},{\"@type\":\"ListItem\",\"position\":3,\"name\":\"The Ronhingyas crise\"}]},{\"@type\":\"WebSite\",\"@id\":\"https:\\\/\\\/coruna2018.redeacampa.org\\\/en\\\/#website\",\"url\":\"https:\\\/\\\/coruna2018.redeacampa.org\\\/en\\\/\",\"name\":\"Acampa 2018 - Pola paz e o dereito a refuxio\",\"description\":\"Unha iniciativa cidad\u00e1 sen fins de lucro integrada por colectivos sociais, culturais, educativos, veci\u00f1ais, pol\u00edticos, sindicais, art\u00edsticos, de persoas solidarias, de instituci\u00f3ns e empresas con responsabilidade social que te\u00f1en como obxectivo a defensa dos dereitos humanos, o Dereito Internacional Humanitario e o Dereito a Refuxio.\",\"potentialAction\":[{\"@type\":\"SearchAction\",\"target\":{\"@type\":\"EntryPoint\",\"urlTemplate\":\"https:\\\/\\\/coruna2018.redeacampa.org\\\/en\\\/?s={search_term_string}\"},\"query-input\":{\"@type\":\"PropertyValueSpecification\",\"valueRequired\":true,\"valueName\":\"search_term_string\"}}],\"inLanguage\":\"en-US\"}]}<\/script>\n<!-- \/ Yoast SEO plugin. -->","yoast_head_json":{"title":"The Ronhingyas crise | Acampa 2018 - Pola paz e o dereito a refuxio","robots":{"index":"index","follow":"follow","max-snippet":"max-snippet:-1","max-image-preview":"max-image-preview:large","max-video-preview":"max-video-preview:-1"},"canonical":"https:\/\/coruna2018.redeacampa.org\/en\/events\/los-ronhingyas\/","og_locale":"en_US","og_type":"article","og_title":"The Ronhingyas crise | Acampa 2018 - Pola paz e o dereito a refuxio","og_description":"Patricia Trigales Carreiras (Doctors without Frothers) Patricia Trigales is an economist. She began working with Doctors without Frothers in 2004 as a field financier. Subsequently, she moved to positions of high responsibility (chief of mission) in the field. He has been in a large number of projects. In recent years in Yemen, Central African Republic, [&hellip;]","og_url":"https:\/\/coruna2018.redeacampa.org\/en\/events\/los-ronhingyas\/","og_site_name":"Acampa 2018 - Pola paz e o dereito a refuxio","article_modified_time":"2018-06-09T09:41:29+00:00","og_image":[{"width":615,"height":345,"url":"https:\/\/coruna2018.redeacampa.org\/wp-content\/uploads\/rohingyas.jpg","type":"image\/jpeg"}],"twitter_card":"summary_large_image","twitter_misc":{"Est. reading time":"1 minute"},"schema":{"@context":"https:\/\/schema.org","@graph":[{"@type":"WebPage","@id":"https:\/\/coruna2018.redeacampa.org\/en\/events\/los-ronhingyas\/","url":"https:\/\/coruna2018.redeacampa.org\/en\/events\/los-ronhingyas\/","name":"The Ronhingyas crise | Acampa 2018 - Pola paz e o dereito a refuxio","isPartOf":{"@id":"https:\/\/coruna2018.redeacampa.org\/en\/#website"},"primaryImageOfPage":{"@id":"https:\/\/coruna2018.redeacampa.org\/en\/events\/los-ronhingyas\/#primaryimage"},"image":{"@id":"https:\/\/coruna2018.redeacampa.org\/en\/events\/los-ronhingyas\/#primaryimage"},"thumbnailUrl":"https:\/\/coruna2018.redeacampa.org\/wp-content\/uploads\/rohingyas.jpg","datePublished":"2018-04-29T09:38:18+00:00","dateModified":"2018-06-09T09:41:29+00:00","breadcrumb":{"@id":"https:\/\/coruna2018.redeacampa.org\/en\/events\/los-ronhingyas\/#breadcrumb"},"inLanguage":"en-US","potentialAction":[{"@type":"ReadAction","target":["https:\/\/coruna2018.redeacampa.org\/en\/events\/los-ronhingyas\/"]}]},{"@type":"ImageObject","inLanguage":"en-US","@id":"https:\/\/coruna2018.redeacampa.org\/en\/events\/los-ronhingyas\/#primaryimage","url":"https:\/\/coruna2018.redeacampa.org\/wp-content\/uploads\/rohingyas.jpg","contentUrl":"https:\/\/coruna2018.redeacampa.org\/wp-content\/uploads\/rohingyas.jpg","width":615,"height":345},{"@type":"BreadcrumbList","@id":"https:\/\/coruna2018.redeacampa.org\/en\/events\/los-ronhingyas\/#breadcrumb","itemListElement":[{"@type":"ListItem","position":1,"name":"Portada","item":"https:\/\/coruna2018.redeacampa.org\/en\/"},{"@type":"ListItem","position":2,"name":"Events","item":"https:\/\/coruna2018.redeacampa.org\/en\/events\/"},{"@type":"ListItem","position":3,"name":"The Ronhingyas crise"}]},{"@type":"WebSite","@id":"https:\/\/coruna2018.redeacampa.org\/en\/#website","url":"https:\/\/coruna2018.redeacampa.org\/en\/","name":"Acampa 2018 - Pola paz e o dereito a refuxio","description":"Unha iniciativa cidad\u00e1 sen fins de lucro integrada por colectivos sociais, culturais, educativos, veci\u00f1ais, pol\u00edticos, sindicais, art\u00edsticos, de persoas solidarias, de instituci\u00f3ns e empresas con responsabilidade social que te\u00f1en como obxectivo a defensa dos dereitos humanos, o Dereito Internacional Humanitario e o Dereito a Refuxio.","potentialAction":[{"@type":"SearchAction","target":{"@type":"EntryPoint","urlTemplate":"https:\/\/coruna2018.redeacampa.org\/en\/?s={search_term_string}"},"query-input":{"@type":"PropertyValueSpecification","valueRequired":true,"valueName":"search_term_string"}}],"inLanguage":"en-US"}]}},"_links":{"self":[{"href":"https:\/\/coruna2018.redeacampa.org\/en\/wp-json\/wp\/v2\/ajde_events\/37586","targetHints":{"allow":["GET"]}}],"collection":[{"href":"https:\/\/coruna2018.redeacampa.org\/en\/wp-json\/wp\/v2\/ajde_events"}],"about":[{"href":"https:\/\/coruna2018.redeacampa.org\/en\/wp-json\/wp\/v2\/types\/ajde_events"}],"author":[{"embeddable":true,"href":"https:\/\/coruna2018.redeacampa.org\/en\/wp-json\/wp\/v2\/users\/2"}],"replies":[{"embeddable":true,"href":"https:\/\/coruna2018.redeacampa.org\/en\/wp-json\/wp\/v2\/comments?post=37586"}],"wp:featuredmedia":[{"embeddable":true,"href":"https:\/\/coruna2018.redeacampa.org\/en\/wp-json\/wp\/v2\/media\/37746"}],"wp:attachment":[{"href":"https:\/\/coruna2018.redeacampa.org\/en\/wp-json\/wp\/v2\/media?parent=37586"}],"wp:term":[{"taxonomy":"post_tag","embeddable":true,"href":"https:\/\/coruna2018.redeacampa.org\/en\/wp-json\/wp\/v2\/tags?post=37586"},{"taxonomy":"event_type","embeddable":true,"href":"https:\/\/coruna2018.redeacampa.org\/en\/wp-json\/wp\/v2\/event_type?post=37586"},{"taxonomy":"event_type_2","embeddable":true,"href":"https:\/\/coruna2018.redeacampa.org\/en\/wp-json\/wp\/v2\/event_type_2?post=37586"}],"curies":[{"name":"wp","href":"https:\/\/api.w.org\/{rel}","templated":true}]}}