{"id":37570,"date":"2018-04-29T12:11:20","date_gmt":"2018-04-29T10:11:20","guid":{"rendered":"https:\/\/www.acampa.eu\/events\/oscar-camps\/"},"modified":"2018-06-16T10:21:07","modified_gmt":"2018-06-16T08:21:07","slug":"oscar-camps","status":"publish","type":"ajde_events","link":"https:\/\/coruna2018.redeacampa.org\/en\/events\/oscar-camps\/","title":{"rendered":"Saving lives, obligation or crime?"},"content":{"rendered":"<blockquote><p>Anabel Montes Mir (POA)<\/p><\/blockquote>\n<div id=\"attachment_39062\" style=\"width: 410px\" class=\"wp-caption alignnone\"><img loading=\"lazy\" decoding=\"async\" aria-describedby=\"caption-attachment-39062\" class=\"wp-image-39062\" src=\"\/wp-content\/uploads\/Anabel-Montero-300x200.jpg\" alt=\"Anabel Montero\" width=\"400\" height=\"267\" srcset=\"https:\/\/coruna2018.redeacampa.org\/wp-content\/uploads\/Anabel-Montero-300x200.jpg 300w, https:\/\/coruna2018.redeacampa.org\/wp-content\/uploads\/Anabel-Montero-768x512.jpg 768w, https:\/\/coruna2018.redeacampa.org\/wp-content\/uploads\/Anabel-Montero-1024x682.jpg 1024w, https:\/\/coruna2018.redeacampa.org\/wp-content\/uploads\/Anabel-Montero-1080x720.jpg 1080w, https:\/\/coruna2018.redeacampa.org\/wp-content\/uploads\/Anabel-Montero.jpg 1277w\" sizes=\"(max-width: 400px) 100vw, 400px\" \/><p id=\"caption-attachment-39062\" class=\"wp-caption-text\">Anabel Montes<\/p><\/div>\n<p><span id=\"result_box\" class=\"\" lang=\"en\"><span class=\"\">I&#8217;m from Asturias, I&#8217;m 31 years old.<\/span> <span class=\"\">I have worked as a lifeguard for 12 years, especially in Asturias and the last 4 in Barcelona.<\/span> <span class=\"\">I have training in various rescue courses (rivers, lakes, underwater, maritime &#8230;).<\/span><\/span><\/p>\n<p><span class=\"\">I arrived in Lesbos in December 2015 as a volunteer for 15 days with Open Arms and that became the last two years of my life.<\/span> <span class=\"\">In Lesbos I spent 9 months, above all, as a patron of fast boats and also as coordinator of the operation on the island.<\/span><\/p>\n<p><span class=\"\">In the Mediterranean I have been in 15 missions in Astral, Golfo Azzurro and Open Arms, also the majority as patroness and the last four as head of mission aboard the Open Arms.<\/span><\/p>\n<p>&nbsp;<\/p>\n<blockquote><p>Ernesto G. Maleno\u00a0(Caminado Fronteras)<\/p><\/blockquote>\n<div id=\"attachment_38091\" style=\"width: 410px\" class=\"wp-caption alignnone\"><img loading=\"lazy\" decoding=\"async\" aria-describedby=\"caption-attachment-38091\" class=\"wp-image-38091\" src=\"\/wp-content\/uploads\/Ernesto-G.-Maleno-300x212.jpeg\" alt=\"Ernesto G. Maleno\" width=\"400\" height=\"283\" srcset=\"https:\/\/coruna2018.redeacampa.org\/wp-content\/uploads\/Ernesto-G.-Maleno-300x212.jpeg 300w, https:\/\/coruna2018.redeacampa.org\/wp-content\/uploads\/Ernesto-G.-Maleno-768x543.jpeg 768w, https:\/\/coruna2018.redeacampa.org\/wp-content\/uploads\/Ernesto-G.-Maleno-1024x724.jpeg 1024w, https:\/\/coruna2018.redeacampa.org\/wp-content\/uploads\/Ernesto-G.-Maleno-400x284.jpeg 400w, https:\/\/coruna2018.redeacampa.org\/wp-content\/uploads\/Ernesto-G.-Maleno-1080x764.jpeg 1080w, https:\/\/coruna2018.redeacampa.org\/wp-content\/uploads\/Ernesto-G.-Maleno.jpeg 1600w\" sizes=\"(max-width: 400px) 100vw, 400px\" \/><p id=\"caption-attachment-38091\" class=\"wp-caption-text\">Ernesto G. Maleno<\/p><\/div>\n<p><span id=\"result_box\" class=\"\" lang=\"en\"><span class=\"\">I am a tangerine, political scientist and audiovisual producer.<\/span> <span class=\"\">Communication Manager of Walking Borders.<\/span> Author of the documentary &#8220;Tarajal: transforming pain into justice&#8221;. <span class=\"\">Member of Mora Youth and the Moroccan student movement.<\/span><\/span><\/p>\n<blockquote><p>Ramiro G. De Dios (Xuiz CIE Aluche)<\/p><\/blockquote>\n<div id=\"attachment_38380\" style=\"width: 410px\" class=\"wp-caption alignnone\"><img loading=\"lazy\" decoding=\"async\" aria-describedby=\"caption-attachment-38380\" class=\"wp-image-38380\" src=\"\/wp-content\/uploads\/RamiroGdeDios.jpg\" alt=\"Ramiro G. de Dios\" width=\"400\" height=\"206\" srcset=\"https:\/\/coruna2018.redeacampa.org\/wp-content\/uploads\/RamiroGdeDios.jpg 600w, https:\/\/coruna2018.redeacampa.org\/wp-content\/uploads\/RamiroGdeDios-300x155.jpg 300w\" sizes=\"(max-width: 400px) 100vw, 400px\" \/><p id=\"caption-attachment-38380\" class=\"wp-caption-text\">Ramiro G. de Dios<\/p><\/div>\n<p>Ramiro Garc\u00eda de Dios has been for 30 years head of the Court of Instruction number 6 in Madrid and one of the first judges of control of the Aluche Foreigners&#8217; Detention Centre, where he has served for eight years.<\/p>\n<blockquote><p>Federico Pichel (ONG AIRE)<\/p><\/blockquote>\n<div id=\"attachment_38347\" style=\"width: 410px\" class=\"wp-caption alignnone\"><img loading=\"lazy\" decoding=\"async\" aria-describedby=\"caption-attachment-38347\" class=\"wp-image-38347\" src=\"\/wp-content\/uploads\/FedericoPichel.jpg\" alt=\"Federico Pichel\" width=\"400\" height=\"445\" srcset=\"https:\/\/coruna2018.redeacampa.org\/wp-content\/uploads\/FedericoPichel.jpg 404w, https:\/\/coruna2018.redeacampa.org\/wp-content\/uploads\/FedericoPichel-270x300.jpg 270w\" sizes=\"(max-width: 400px) 100vw, 400px\" \/><p id=\"caption-attachment-38347\" class=\"wp-caption-text\">Federico Pichel<\/p><\/div>\n<p>Federico Pichel Ferreiro. \u00a0Studied Economic Sciences and Business Studies in the University of A Coru\u00f1a, but has spent the last 14 years as a fire-fighter. \u00a0He combines this with volunteer work for an NGO, A.I.R.E. of which he is the current President.<\/p>\n<p>His formation and experience lies in dealing with water and sanitary based emergencies. \u00a0He is a qualified and experienced diver who is a professional specialized in rescue, life-saving and first-aid. \u00a0A qualified sailor with Master&#8217;s papers he has medical emergency training, especially in the marine and underwater environment.<\/p>\n<p>Although he has always been supportive of solidarity values and has collaborated with numerous organizations, he was so impacted by those photographs of little Aylan that he has become closely involved with the dramatic refugee situation.<\/p>\n<blockquote><p><strong>Carry<\/strong>: Fernanda Tabar\u00e9s<\/p><\/blockquote>\n<div id=\"attachment_37532\" style=\"width: 410px\" class=\"wp-caption alignnone\"><img loading=\"lazy\" decoding=\"async\" aria-describedby=\"caption-attachment-37532\" class=\"wp-image-37532\" src=\"\/wp-content\/uploads\/FernandaTabares.jpg\" alt=\"Fernanda Tabar\u00e9s\" width=\"400\" height=\"200\" srcset=\"https:\/\/coruna2018.redeacampa.org\/wp-content\/uploads\/FernandaTabares.jpg 500w, https:\/\/coruna2018.redeacampa.org\/wp-content\/uploads\/FernandaTabares-300x150.jpg 300w\" sizes=\"(max-width: 400px) 100vw, 400px\" \/><p id=\"caption-attachment-37532\" class=\"wp-caption-text\">Fernanda Tabar\u00e9s<\/p><\/div>\n<p>Fernanda Tabar\u00e9s (1968) has been a journalist since she was born.<\/p>\n<p>At the age of eighteen, while studying Information Sciences at the Complutense University of Madrid, he already started working as an intern at the newspaper La Regi\u00f3n.<br \/>\nAt the age of twenty-two, he began to work in the group &#8216;La Voz de Galicia&#8217;, and is still there twenty-eight years later.<\/p>\n<p>She has a very long and varied professional career, which has led her to be head of delegation, head of culture, editor-in-chief and columnist of Diario 16, director of V Televisi\u00f3n, director of the current affairs and analysis programme V\u00eda V, professor of business communication at Erlac&#8230; and currently and since last year director of Voz Audiovisual.<\/p>\n<blockquote><p><strong>Presented<\/strong> by Isabel Rey (Rede galega en apoio \u00e1s persoas refuxiadas)<\/p><\/blockquote>\n<div id=\"attachment_38797\" style=\"width: 410px\" class=\"wp-caption alignnone\"><img loading=\"lazy\" decoding=\"async\" aria-describedby=\"caption-attachment-38797\" class=\"wp-image-38797\" src=\"\/wp-content\/uploads\/Isabel-Rey-281x300.jpg\" alt=\"Isabel Rey\" width=\"400\" height=\"427\" srcset=\"https:\/\/coruna2018.redeacampa.org\/wp-content\/uploads\/Isabel-Rey-281x300.jpg 281w, https:\/\/coruna2018.redeacampa.org\/wp-content\/uploads\/Isabel-Rey-768x820.jpg 768w, https:\/\/coruna2018.redeacampa.org\/wp-content\/uploads\/Isabel-Rey-959x1024.jpg 959w, https:\/\/coruna2018.redeacampa.org\/wp-content\/uploads\/Isabel-Rey-1080x1153.jpg 1080w, https:\/\/coruna2018.redeacampa.org\/wp-content\/uploads\/Isabel-Rey.jpg 1180w\" sizes=\"(max-width: 400px) 100vw, 400px\" \/><p id=\"caption-attachment-38797\" class=\"wp-caption-text\">Isabel Rey<\/p><\/div>\n<p>works with the Galician Support Network for refugees. painter and dedicated to audiovisuals. The Redrefugiadas brings together over 70 NGOs and groups, with a common interest, to fight for the Refugees and demanding that the Spanish government to stop infringing The Human Rights and the International Legislation.<\/p>\n","protected":false},"author":2,"featured_media":37544,"menu_order":0,"comment_status":"open","ping_status":"closed","template":"","meta":{"_et_pb_use_builder":"","_et_pb_old_content":"","_et_gb_content_width":"","inline_featured_image":false},"tags":[],"event_type":[164,166,106],"event_type_2":[],"class_list":["post-37570","ajde_events","type-ajde_events","status-publish","has-post-thumbnail","hentry","event_location-carpa-central-en","event_type-16-06-18-en","event_type-2018-debates-y-charlas-en","event_type-2018-program-en"],"yoast_head":"<!-- This site is optimized with the Yoast SEO plugin v27.4 - https:\/\/yoast.com\/product\/yoast-seo-wordpress\/ -->\n<title>Saving lives, obligation or crime? | Acampa 2018 - Pola paz e o dereito a refuxio<\/title>\n<meta name=\"robots\" content=\"index, follow, max-snippet:-1, max-image-preview:large, max-video-preview:-1\" \/>\n<link rel=\"canonical\" href=\"https:\/\/coruna2018.redeacampa.org\/en\/events\/oscar-camps\/\" \/>\n<meta property=\"og:locale\" content=\"en_US\" \/>\n<meta property=\"og:type\" content=\"article\" \/>\n<meta property=\"og:title\" content=\"Saving lives, obligation or crime? | Acampa 2018 - Pola paz e o dereito a refuxio\" \/>\n<meta property=\"og:description\" content=\"Anabel Montes Mir (POA) I&#8217;m from Asturias, I&#8217;m 31 years old. I have worked as a lifeguard for 12 years, especially in Asturias and the last 4 in Barcelona. I have training in various rescue courses (rivers, lakes, underwater, maritime &#8230;). I arrived in Lesbos in December 2015 as a volunteer for 15 days with [&hellip;]\" \/>\n<meta property=\"og:url\" content=\"https:\/\/coruna2018.redeacampa.org\/en\/events\/oscar-camps\/\" \/>\n<meta property=\"og:site_name\" content=\"Acampa 2018 - Pola paz e o dereito a refuxio\" \/>\n<meta property=\"article:modified_time\" content=\"2018-06-16T08:21:07+00:00\" \/>\n<meta property=\"og:image\" content=\"https:\/\/coruna2018.redeacampa.org\/wp-content\/uploads\/OscarCamps.jpg\" \/>\n\t<meta property=\"og:image:width\" content=\"700\" \/>\n\t<meta property=\"og:image:height\" content=\"350\" \/>\n\t<meta property=\"og:image:type\" content=\"image\/jpeg\" \/>\n<meta name=\"twitter:card\" content=\"summary_large_image\" \/>\n<meta name=\"twitter:label1\" content=\"Est. reading time\" \/>\n\t<meta name=\"twitter:data1\" content=\"3 minutes\" \/>\n<script type=\"application\/ld+json\" class=\"yoast-schema-graph\">{\"@context\":\"https:\\\/\\\/schema.org\",\"@graph\":[{\"@type\":\"WebPage\",\"@id\":\"https:\\\/\\\/coruna2018.redeacampa.org\\\/en\\\/events\\\/oscar-camps\\\/\",\"url\":\"https:\\\/\\\/coruna2018.redeacampa.org\\\/en\\\/events\\\/oscar-camps\\\/\",\"name\":\"Saving lives, obligation or crime? | Acampa 2018 - Pola paz e o dereito a refuxio\",\"isPartOf\":{\"@id\":\"https:\\\/\\\/coruna2018.redeacampa.org\\\/en\\\/#website\"},\"primaryImageOfPage\":{\"@id\":\"https:\\\/\\\/coruna2018.redeacampa.org\\\/en\\\/events\\\/oscar-camps\\\/#primaryimage\"},\"image\":{\"@id\":\"https:\\\/\\\/coruna2018.redeacampa.org\\\/en\\\/events\\\/oscar-camps\\\/#primaryimage\"},\"thumbnailUrl\":\"https:\\\/\\\/coruna2018.redeacampa.org\\\/wp-content\\\/uploads\\\/OscarCamps.jpg\",\"datePublished\":\"2018-04-29T10:11:20+00:00\",\"dateModified\":\"2018-06-16T08:21:07+00:00\",\"breadcrumb\":{\"@id\":\"https:\\\/\\\/coruna2018.redeacampa.org\\\/en\\\/events\\\/oscar-camps\\\/#breadcrumb\"},\"inLanguage\":\"en-US\",\"potentialAction\":[{\"@type\":\"ReadAction\",\"target\":[\"https:\\\/\\\/coruna2018.redeacampa.org\\\/en\\\/events\\\/oscar-camps\\\/\"]}]},{\"@type\":\"ImageObject\",\"inLanguage\":\"en-US\",\"@id\":\"https:\\\/\\\/coruna2018.redeacampa.org\\\/en\\\/events\\\/oscar-camps\\\/#primaryimage\",\"url\":\"https:\\\/\\\/coruna2018.redeacampa.org\\\/wp-content\\\/uploads\\\/OscarCamps.jpg\",\"contentUrl\":\"https:\\\/\\\/coruna2018.redeacampa.org\\\/wp-content\\\/uploads\\\/OscarCamps.jpg\",\"width\":700,\"height\":350,\"caption\":\"Oscar Camps\"},{\"@type\":\"BreadcrumbList\",\"@id\":\"https:\\\/\\\/coruna2018.redeacampa.org\\\/en\\\/events\\\/oscar-camps\\\/#breadcrumb\",\"itemListElement\":[{\"@type\":\"ListItem\",\"position\":1,\"name\":\"Portada\",\"item\":\"https:\\\/\\\/coruna2018.redeacampa.org\\\/en\\\/\"},{\"@type\":\"ListItem\",\"position\":2,\"name\":\"Events\",\"item\":\"https:\\\/\\\/coruna2018.redeacampa.org\\\/en\\\/events\\\/\"},{\"@type\":\"ListItem\",\"position\":3,\"name\":\"Saving lives, obligation or crime?\"}]},{\"@type\":\"WebSite\",\"@id\":\"https:\\\/\\\/coruna2018.redeacampa.org\\\/en\\\/#website\",\"url\":\"https:\\\/\\\/coruna2018.redeacampa.org\\\/en\\\/\",\"name\":\"Acampa 2018 - Pola paz e o dereito a refuxio\",\"description\":\"Unha iniciativa cidad\u00e1 sen fins de lucro integrada por colectivos sociais, culturais, educativos, veci\u00f1ais, pol\u00edticos, sindicais, art\u00edsticos, de persoas solidarias, de instituci\u00f3ns e empresas con responsabilidade social que te\u00f1en como obxectivo a defensa dos dereitos humanos, o Dereito Internacional Humanitario e o Dereito a Refuxio.\",\"potentialAction\":[{\"@type\":\"SearchAction\",\"target\":{\"@type\":\"EntryPoint\",\"urlTemplate\":\"https:\\\/\\\/coruna2018.redeacampa.org\\\/en\\\/?s={search_term_string}\"},\"query-input\":{\"@type\":\"PropertyValueSpecification\",\"valueRequired\":true,\"valueName\":\"search_term_string\"}}],\"inLanguage\":\"en-US\"}]}<\/script>\n<!-- \/ Yoast SEO plugin. -->","yoast_head_json":{"title":"Saving lives, obligation or crime? | Acampa 2018 - Pola paz e o dereito a refuxio","robots":{"index":"index","follow":"follow","max-snippet":"max-snippet:-1","max-image-preview":"max-image-preview:large","max-video-preview":"max-video-preview:-1"},"canonical":"https:\/\/coruna2018.redeacampa.org\/en\/events\/oscar-camps\/","og_locale":"en_US","og_type":"article","og_title":"Saving lives, obligation or crime? | Acampa 2018 - Pola paz e o dereito a refuxio","og_description":"Anabel Montes Mir (POA) I&#8217;m from Asturias, I&#8217;m 31 years old. I have worked as a lifeguard for 12 years, especially in Asturias and the last 4 in Barcelona. I have training in various rescue courses (rivers, lakes, underwater, maritime &#8230;). I arrived in Lesbos in December 2015 as a volunteer for 15 days with [&hellip;]","og_url":"https:\/\/coruna2018.redeacampa.org\/en\/events\/oscar-camps\/","og_site_name":"Acampa 2018 - Pola paz e o dereito a refuxio","article_modified_time":"2018-06-16T08:21:07+00:00","og_image":[{"width":700,"height":350,"url":"https:\/\/coruna2018.redeacampa.org\/wp-content\/uploads\/OscarCamps.jpg","type":"image\/jpeg"}],"twitter_card":"summary_large_image","twitter_misc":{"Est. reading time":"3 minutes"},"schema":{"@context":"https:\/\/schema.org","@graph":[{"@type":"WebPage","@id":"https:\/\/coruna2018.redeacampa.org\/en\/events\/oscar-camps\/","url":"https:\/\/coruna2018.redeacampa.org\/en\/events\/oscar-camps\/","name":"Saving lives, obligation or crime? | Acampa 2018 - Pola paz e o dereito a refuxio","isPartOf":{"@id":"https:\/\/coruna2018.redeacampa.org\/en\/#website"},"primaryImageOfPage":{"@id":"https:\/\/coruna2018.redeacampa.org\/en\/events\/oscar-camps\/#primaryimage"},"image":{"@id":"https:\/\/coruna2018.redeacampa.org\/en\/events\/oscar-camps\/#primaryimage"},"thumbnailUrl":"https:\/\/coruna2018.redeacampa.org\/wp-content\/uploads\/OscarCamps.jpg","datePublished":"2018-04-29T10:11:20+00:00","dateModified":"2018-06-16T08:21:07+00:00","breadcrumb":{"@id":"https:\/\/coruna2018.redeacampa.org\/en\/events\/oscar-camps\/#breadcrumb"},"inLanguage":"en-US","potentialAction":[{"@type":"ReadAction","target":["https:\/\/coruna2018.redeacampa.org\/en\/events\/oscar-camps\/"]}]},{"@type":"ImageObject","inLanguage":"en-US","@id":"https:\/\/coruna2018.redeacampa.org\/en\/events\/oscar-camps\/#primaryimage","url":"https:\/\/coruna2018.redeacampa.org\/wp-content\/uploads\/OscarCamps.jpg","contentUrl":"https:\/\/coruna2018.redeacampa.org\/wp-content\/uploads\/OscarCamps.jpg","width":700,"height":350,"caption":"Oscar Camps"},{"@type":"BreadcrumbList","@id":"https:\/\/coruna2018.redeacampa.org\/en\/events\/oscar-camps\/#breadcrumb","itemListElement":[{"@type":"ListItem","position":1,"name":"Portada","item":"https:\/\/coruna2018.redeacampa.org\/en\/"},{"@type":"ListItem","position":2,"name":"Events","item":"https:\/\/coruna2018.redeacampa.org\/en\/events\/"},{"@type":"ListItem","position":3,"name":"Saving lives, obligation or crime?"}]},{"@type":"WebSite","@id":"https:\/\/coruna2018.redeacampa.org\/en\/#website","url":"https:\/\/coruna2018.redeacampa.org\/en\/","name":"Acampa 2018 - Pola paz e o dereito a refuxio","description":"Unha iniciativa cidad\u00e1 sen fins de lucro integrada por colectivos sociais, culturais, educativos, veci\u00f1ais, pol\u00edticos, sindicais, art\u00edsticos, de persoas solidarias, de instituci\u00f3ns e empresas con responsabilidade social que te\u00f1en como obxectivo a defensa dos dereitos humanos, o Dereito Internacional Humanitario e o Dereito a Refuxio.","potentialAction":[{"@type":"SearchAction","target":{"@type":"EntryPoint","urlTemplate":"https:\/\/coruna2018.redeacampa.org\/en\/?s={search_term_string}"},"query-input":{"@type":"PropertyValueSpecification","valueRequired":true,"valueName":"search_term_string"}}],"inLanguage":"en-US"}]}},"_links":{"self":[{"href":"https:\/\/coruna2018.redeacampa.org\/en\/wp-json\/wp\/v2\/ajde_events\/37570","targetHints":{"allow":["GET"]}}],"collection":[{"href":"https:\/\/coruna2018.redeacampa.org\/en\/wp-json\/wp\/v2\/ajde_events"}],"about":[{"href":"https:\/\/coruna2018.redeacampa.org\/en\/wp-json\/wp\/v2\/types\/ajde_events"}],"author":[{"embeddable":true,"href":"https:\/\/coruna2018.redeacampa.org\/en\/wp-json\/wp\/v2\/users\/2"}],"replies":[{"embeddable":true,"href":"https:\/\/coruna2018.redeacampa.org\/en\/wp-json\/wp\/v2\/comments?post=37570"}],"wp:featuredmedia":[{"embeddable":true,"href":"https:\/\/coruna2018.redeacampa.org\/en\/wp-json\/wp\/v2\/media\/37544"}],"wp:attachment":[{"href":"https:\/\/coruna2018.redeacampa.org\/en\/wp-json\/wp\/v2\/media?parent=37570"}],"wp:term":[{"taxonomy":"post_tag","embeddable":true,"href":"https:\/\/coruna2018.redeacampa.org\/en\/wp-json\/wp\/v2\/tags?post=37570"},{"taxonomy":"event_type","embeddable":true,"href":"https:\/\/coruna2018.redeacampa.org\/en\/wp-json\/wp\/v2\/event_type?post=37570"},{"taxonomy":"event_type_2","embeddable":true,"href":"https:\/\/coruna2018.redeacampa.org\/en\/wp-json\/wp\/v2\/event_type_2?post=37570"}],"curies":[{"name":"wp","href":"https:\/\/api.w.org\/{rel}","templated":true}]}}